{"id":537,"date":"2018-01-05T10:29:00","date_gmt":"2018-01-05T09:29:00","guid":{"rendered":"https:\/\/www.lacremedeparis.com\/?page_id=537"},"modified":"2021-10-20T17:05:09","modified_gmt":"2021-10-20T15:05:09","slug":"fait-maison","status":"publish","type":"page","link":"https:\/\/www.lacremedeparis.com\/sv\/fait-maison\/","title":{"rendered":"Husets stil"},"content":{"rendered":"<div class=\"wpb-content-wrapper\"><div      class=\"vc_row wpb_row section vc_row-fluid\" style=' text-align:left;'><div class=\"full_section_inner clearfix\"><div class=\"wpb_column vc_column_container vc_col-sm-12\"><div class=\"vc_column-inner\"><div class=\"wpb_wrapper\">\n\t<div class=\"wpb_single_image wpb_content_element vc_align_center   banner-top-ice\">\n\t\t<div class=\"wpb_wrapper\">\n\t\t\t\n\t\t\t<div class=\"vc_single_image-wrapper   vc_box_border_grey\"><img width=\"2000\" height=\"727\" src=\"https:\/\/www.lacremedeparis.com\/wp-content\/uploads\/2018\/04\/banniere-lacremedeparis.jpg\" class=\"vc_single_image-img attachment-full\" alt=\"\" decoding=\"async\" loading=\"lazy\" title=\"banniere-lacremedeparis\" srcset=\"https:\/\/www.lacremedeparis.com\/wp-content\/uploads\/2018\/04\/banniere-lacremedeparis.jpg 2000w, https:\/\/www.lacremedeparis.com\/wp-content\/uploads\/2018\/04\/banniere-lacremedeparis-300x109.jpg 300w, https:\/\/www.lacremedeparis.com\/wp-content\/uploads\/2018\/04\/banniere-lacremedeparis-768x279.jpg 768w, https:\/\/www.lacremedeparis.com\/wp-content\/uploads\/2018\/04\/banniere-lacremedeparis-1024x372.jpg 1024w, https:\/\/www.lacremedeparis.com\/wp-content\/uploads\/2018\/04\/banniere-lacremedeparis-700x254.jpg 700w\" sizes=\"(max-width: 2000px) 100vw, 2000px\" \/><\/div>\n\t\t<\/div>\n\t<\/div>\n<\/div><\/div><\/div><\/div><\/div><div      class=\"vc_row wpb_row section vc_row-fluid  disable_negative_margin\" style=' text-align:left;'><div class=\"full_section_inner clearfix\"><div class=\"wpb_column vc_column_container vc_col-sm-12\"><div class=\"vc_column-inner\"><div class=\"wpb_wrapper\">\n\t<div class=\"wpb_text_column wpb_content_element\">\n\t\t<div class=\"wpb_wrapper\">\n\t\t\t<h3 style=\"text-align: center;\">Allt \u00e4r hemlagat!<\/h3>\n<p style=\"text-align: center;\">F\u00e4rskpressad frukt och gr\u00f6nsaker, v\u00e4lsmakande glassar som skapas internt utan f\u00e4rg\u00e4mnen och konserveringsmedel.<\/p>\n<p style=\"text-align: center;\">Recept som kombinerar god smak och h\u00e4lsa!<\/p>\n\n\t\t<\/div> \n\t<\/div> <div class=\"separator  transparent\" style=\"margin-top: 20px;\"><\/div>\n<div      class=\"vc_row wpb_row section vc_row-fluid vc_inner  vc_custom_1523703693900\" style=' text-align:left;'><div class=\"full_section_inner clearfix\"><div class=\"wpb_column vc_column_container vc_col-sm-4 vc_col-lg-offset-0 vc_col-md-offset-0 vc_col-sm-offset-0\"><div class=\"vc_column-inner\"><div class=\"wpb_wrapper\">\n\t<div class=\"wpb_single_image wpb_content_element vc_align_center\">\n\t\t<div class=\"wpb_wrapper\">\n\t\t\t\n\t\t\t<div class=\"vc_single_image-wrapper   vc_box_border_grey\"><img width=\"518\" height=\"547\" src=\"https:\/\/www.lacremedeparis.com\/wp-content\/uploads\/2018\/04\/decor-bocal-legumes-frais-o.png\" class=\"vc_single_image-img attachment-full\" alt=\"\" decoding=\"async\" loading=\"lazy\" title=\"decor-jar-fresh-vegetables-o\" srcset=\"https:\/\/www.lacremedeparis.com\/wp-content\/uploads\/2018\/04\/decor-bocal-legumes-frais-o.png 518w, https:\/\/www.lacremedeparis.com\/wp-content\/uploads\/2018\/04\/decor-bocal-legumes-frais-o-284x300.png 284w\" sizes=\"(max-width: 518px) 100vw, 518px\" \/><\/div>\n\t\t<\/div>\n\t<\/div>\n<div class=\"separator  transparent\" style=\"margin-top: 10px;\"><\/div>\n\n\t<div class=\"wpb_text_column wpb_content_element  vc_custom_1524383943538\">\n\t\t<div class=\"wpb_wrapper\">\n\t\t\t<h5 style=\"text-align: center;\">F\u00e4rska gr\u00f6nsaker<\/h5>\n<p style=\"text-align: center;\">V\u00e5ra gr\u00f6nsaker, som tillagas p\u00e5 plats, har valts ut f\u00f6r att fylla p\u00e5 med vitaminer och f\u00f6r att balansera delikatessen. Favoritr\u00e4tten f\u00f6r b\u00e5de unga och gamla som har sv\u00e5rt att bli gr\u00f6na!<\/p>\n\n\t\t<\/div> \n\t<\/div> <\/div><\/div><\/div><div class=\"wpb_column vc_column_container vc_col-sm-4\"><div class=\"vc_column-inner\"><div class=\"wpb_wrapper\">\n\t<div class=\"wpb_single_image wpb_content_element vc_align_center  element_from_fade\">\n\t\t<div class=\"wpb_wrapper\">\n\t\t\t\n\t\t\t<div class=\"vc_single_image-wrapper   vc_box_border_grey\"><img width=\"259\" height=\"547\" src=\"https:\/\/www.lacremedeparis.com\/wp-content\/uploads\/2018\/02\/decor-pineapple-o.png\" class=\"vc_single_image-img attachment-full\" alt=\"\" decoding=\"async\" loading=\"lazy\" title=\"dekor-ananas-o\" srcset=\"https:\/\/www.lacremedeparis.com\/wp-content\/uploads\/2018\/02\/decor-pineapple-o.png 259w, https:\/\/www.lacremedeparis.com\/wp-content\/uploads\/2018\/02\/decor-pineapple-o-142x300.png 142w\" sizes=\"(max-width: 259px) 100vw, 259px\" \/><\/div>\n\t\t<\/div>\n\t<\/div>\n<\/div><\/div><\/div><div class=\"wpb_column vc_column_container vc_col-sm-4\"><div class=\"vc_column-inner\"><div class=\"wpb_wrapper\">\n\t<div class=\"wpb_single_image wpb_content_element vc_align_center\">\n\t\t<div class=\"wpb_wrapper\">\n\t\t\t\n\t\t\t<div class=\"vc_single_image-wrapper   vc_box_border_grey\"><img width=\"518\" height=\"547\" src=\"https:\/\/www.lacremedeparis.com\/wp-content\/uploads\/2018\/04\/decor-bocal-fruits-frais-o.png\" class=\"vc_single_image-img attachment-full\" alt=\"\" decoding=\"async\" loading=\"lazy\" title=\"inredning-bokal-frukt-f\u00e4rsk-o\" srcset=\"https:\/\/www.lacremedeparis.com\/wp-content\/uploads\/2018\/04\/decor-bocal-fruits-frais-o.png 518w, https:\/\/www.lacremedeparis.com\/wp-content\/uploads\/2018\/04\/decor-bocal-fruits-frais-o-284x300.png 284w\" sizes=\"(max-width: 518px) 100vw, 518px\" \/><\/div>\n\t\t<\/div>\n\t<\/div>\n<div class=\"separator  transparent\" style=\"margin-top: 10px;\"><\/div>\n\n\t<div class=\"wpb_text_column wpb_content_element\">\n\t\t<div class=\"wpb_wrapper\">\n\t\t\t<h5 style=\"text-align: center;\">F\u00e4rsk frukt<\/h5>\n<p style=\"text-align: center;\">Saftig och v\u00e4lsmakande,\u00a0<span class=\"s1\">pressade minut, <\/span>v\u00e5ra juicer och vitaminkurer ger dig en oj\u00e4mf\u00f6rlig tonus. F\u00f6r att h\u00e5lla dig i form och \u00f6ka ditt utseende! V\u00e5ra l\u00e4ckra smoothies \u00e4r gjorda av nyblandad fruktpur\u00e9 och hemgjord glass.<\/p>\n\n\t\t<\/div> \n\t<\/div> <\/div><\/div><\/div><\/div><\/div><\/div><\/div><\/div><\/div><\/div><div      class=\"vc_row wpb_row section vc_row-fluid  vc_custom_1519410196252 disable_negative_margin\" style='background-color:#efefef; text-align:left;'><div class=\"full_section_inner clearfix\"><div class=\"wpb_column vc_column_container vc_col-sm-12\"><div class=\"vc_column-inner\"><div class=\"wpb_wrapper\"><div class=\"separator  transparent\" style=\"margin-top: 10px;\"><\/div>\n\n\t<div class=\"wpb_single_image wpb_content_element vc_align_center\">\n\t\t<div class=\"wpb_wrapper\">\n\t\t\t\n\t\t\t<div class=\"vc_single_image-wrapper   vc_box_border_grey\"><img width=\"165\" height=\"148\" src=\"https:\/\/www.lacremedeparis.com\/wp-content\/uploads\/2018\/04\/sansgluten3.jpg\" class=\"vc_single_image-img attachment-full\" alt=\"\" decoding=\"async\" loading=\"lazy\" title=\"glutenfri3\" \/><\/div>\n\t\t<\/div>\n\t<\/div>\n<div class=\"separator  transparent\" style=\"margin-bottom: 10px;\"><\/div>\n\n\t<div class=\"wpb_text_column wpb_content_element\">\n\t\t<div class=\"wpb_wrapper\">\n\t\t\t<h3 style=\"text-align: center;\">Alla v\u00e5ra v\u00e5fflor<\/h3>\n<p style=\"text-align: center;\">\u00e4r <strong>glutenfri<\/strong>.<\/p>\n\n\t\t<\/div> \n\t<\/div> <div      class=\"vc_row wpb_row section vc_row-fluid vc_inner  vc_custom_1524386401434\" style=' text-align:left;'><div class=\"full_section_inner clearfix\"><div class=\"wpb_column vc_column_container vc_col-sm-2\"><div class=\"vc_column-inner\"><div class=\"wpb_wrapper\"><\/div><\/div><\/div><div class=\"wpb_column vc_column_container vc_col-sm-8\"><div class=\"vc_column-inner\"><div class=\"wpb_wrapper\">\t<div class=\"vc_empty_space\"  style=\"height: 30px\" ><span\n\t\t\tclass=\"vc_empty_space_inner\">\n\t\t\t<span class=\"empty_space_image\"  ><\/span>\n\t\t<\/span><\/div>\n\n\n\t<div class=\"wpb_text_column wpb_content_element\">\n\t\t<div class=\"wpb_wrapper\">\n\t\t\t<p style=\"text-align: center;\">Kn\u00e4ckiga och mjuka, med Isignys extra fina halvsaltade sm\u00f6r och goda \u00e4gg fr\u00e5n v\u00e5ra franska uppf\u00f6dare, \u00e4r v\u00e5ra s\u00f6ta och salta v\u00e5fflor en njutning som du aldrig kan f\u00e5 nog av!<\/p>\n<p style=\"text-align: center;\">Prova v\u00e5ra pr\u00e4glade koppar, f\u00f6r \u00f6gats och smakens skull!<\/p>\n\n\t\t<\/div> \n\t<\/div> <\/div><\/div><\/div><div class=\"wpb_column vc_column_container vc_col-sm-2\"><div class=\"vc_column-inner\"><div class=\"wpb_wrapper\"><\/div><\/div><\/div><\/div><\/div><\/div><\/div><\/div><\/div><\/div><div      class=\"vc_row wpb_row section vc_row-fluid\" style=' text-align:left;'><div class=\"full_section_inner clearfix\"><div class=\"wpb_animate_when_almost_visible wpb_slideInLeft slideInLeft wpb_column vc_column_container vc_col-sm-3\"><div class=\"vc_column-inner\"><div class=\"wpb_wrapper\"><div class=\"separator  transparent\" style=\"margin-bottom: 30px;\"><\/div>\n\n\t<div class=\"wpb_single_image wpb_content_element vc_align_left  vc_custom_1518608244781\">\n\t\t<div class=\"wpb_wrapper\">\n\t\t\t\n\t\t\t<div class=\"vc_single_image-wrapper   vc_box_border_grey\"><img width=\"500\" height=\"569\" src=\"https:\/\/www.lacremedeparis.com\/wp-content\/uploads\/2018\/02\/gaufre-sucree-la-creme-de-paris-3.jpg\" class=\"vc_single_image-img attachment-full\" alt=\"\" decoding=\"async\" loading=\"lazy\" title=\"v\u00e5ffel-socker-kr\u00e4m-de-paris\" srcset=\"https:\/\/www.lacremedeparis.com\/wp-content\/uploads\/2018\/02\/gaufre-sucree-la-creme-de-paris-3.jpg 500w, https:\/\/www.lacremedeparis.com\/wp-content\/uploads\/2018\/02\/gaufre-sucree-la-creme-de-paris-3-264x300.jpg 264w\" sizes=\"(max-width: 500px) 100vw, 500px\" \/><\/div>\n\t\t<\/div>\n\t<\/div>\n<\/div><\/div><\/div><div class=\"wpb_column vc_column_container vc_col-sm-9\"><div class=\"vc_column-inner\"><div class=\"wpb_wrapper\"><div      class=\"vc_row wpb_row section vc_row-fluid vc_inner  vc_custom_1518607965832\" style=' text-align:left;'><div class=\"full_section_inner clearfix\"><div class=\"wpb_column vc_column_container vc_col-sm-8\"><div class=\"vc_column-inner\"><div class=\"wpb_wrapper\">\t<div class=\"vc_empty_space\"  style=\"height: 60px\" ><span\n\t\t\tclass=\"vc_empty_space_inner\">\n\t\t\t<span class=\"empty_space_image\"  ><\/span>\n\t\t<\/span><\/div>\n\n\n\t<div class=\"wpb_text_column wpb_content_element\">\n\t\t<div class=\"wpb_wrapper\">\n\t\t\t<h5 class=\" translation-block\">Tillverkad av <strong>Rismj\u00f6l<\/strong>.<\/h5>\n<p style=\"text-align: justify;\">Ris \u00e4r det mest odlade spannm\u00e5let i v\u00e4rlden efter vete och har den speciella egenskapen att det \u00e4r naturligt glutenfritt och l\u00e4ttsm\u00e4lt. Detta mj\u00f6l har varit k\u00e4nt i Kina i \u00f6ver 3000 \u00e5r och \u00e4r det mest effektiva alternativet till vetemj\u00f6l.<\/p>\n\n\t\t<\/div> \n\t<\/div> \t<div class=\"vc_empty_space\"  style=\"height: 20px\" ><span\n\t\t\tclass=\"vc_empty_space_inner\">\n\t\t\t<span class=\"empty_space_image\"  ><\/span>\n\t\t<\/span><\/div>\n\n<\/div><\/div><\/div><div class=\"wpb_column vc_column_container vc_col-sm-4\"><div class=\"vc_column-inner\"><div class=\"wpb_wrapper\">\n\t<div class=\"wpb_single_image wpb_content_element vc_align_center\">\n\t\t<div class=\"wpb_wrapper\">\n\t\t\t\n\t\t\t<div class=\"vc_single_image-wrapper   vc_box_border_grey\"><img width=\"465\" height=\"383\" src=\"https:\/\/www.lacremedeparis.com\/wp-content\/uploads\/2018\/02\/farine-de-riz-la-creme-de-paris.jpg\" class=\"vc_single_image-img attachment-full\" alt=\"\" decoding=\"async\" loading=\"lazy\" title=\"farine-de-riz-la-creme-de-paris\" srcset=\"https:\/\/www.lacremedeparis.com\/wp-content\/uploads\/2018\/02\/farine-de-riz-la-creme-de-paris.jpg 465w, https:\/\/www.lacremedeparis.com\/wp-content\/uploads\/2018\/02\/farine-de-riz-la-creme-de-paris-300x247.jpg 300w\" sizes=\"(max-width: 465px) 100vw, 465px\" \/><\/div>\n\t\t<\/div>\n\t<\/div>\n<\/div><\/div><\/div><\/div><\/div><div      class=\"vc_row wpb_row section vc_row-fluid vc_inner  vc_custom_1518608065554\" style=' text-align:left;'><div class=\"full_section_inner clearfix\"><div class=\"wpb_column vc_column_container vc_col-sm-8\"><div class=\"vc_column-inner\"><div class=\"wpb_wrapper\">\t<div class=\"vc_empty_space\"  style=\"height: 40px\" ><span\n\t\t\tclass=\"vc_empty_space_inner\">\n\t\t\t<span class=\"empty_space_image\"  ><\/span>\n\t\t<\/span><\/div>\n\n\n\t<div class=\"wpb_text_column wpb_content_element\">\n\t\t<div class=\"wpb_wrapper\">\n\t\t\t<h5>och <strong>Majsmj\u00f6l<\/strong>.<\/h5>\n<p style=\"text-align: justify;\">V\u00e4rldens f\u00f6rsta matkorn, med ursprung i Mexiko och Guatemala, anv\u00e4nds i det latinamerikanska k\u00f6ket som mj\u00f6l till tacos, br\u00f6d, semulina, malt... Ett rent, glutenfritt och GMO-fritt mj\u00f6l som ger extra krispighet.<\/p>\n\n\t\t<\/div> \n\t<\/div> <\/div><\/div><\/div><div class=\"wpb_column vc_column_container vc_col-sm-4\"><div class=\"vc_column-inner\"><div class=\"wpb_wrapper\">\n\t<div class=\"wpb_single_image wpb_content_element vc_align_center\">\n\t\t<div class=\"wpb_wrapper\">\n\t\t\t\n\t\t\t<div class=\"vc_single_image-wrapper   vc_box_border_grey\"><img width=\"465\" height=\"383\" src=\"https:\/\/www.lacremedeparis.com\/wp-content\/uploads\/2018\/02\/farine-de-mais-la-creme-de-paris.jpg\" class=\"vc_single_image-img attachment-full\" alt=\"\" decoding=\"async\" loading=\"lazy\" title=\"farine-de-mais-la-creme-de-paris\" srcset=\"https:\/\/www.lacremedeparis.com\/wp-content\/uploads\/2018\/02\/farine-de-mais-la-creme-de-paris.jpg 465w, https:\/\/www.lacremedeparis.com\/wp-content\/uploads\/2018\/02\/farine-de-mais-la-creme-de-paris-300x247.jpg 300w\" sizes=\"(max-width: 465px) 100vw, 465px\" \/><\/div>\n\t\t<\/div>\n\t<\/div>\n<\/div><\/div><\/div><\/div><\/div><div class=\"separator  transparent\" style=\"margin-bottom: 10px;\"><\/div>\n<\/div><\/div><\/div><\/div><\/div><div      class=\"vc_row wpb_row section vc_row-fluid\" style=' text-align:left;'><div class=\"full_section_inner clearfix\"><div class=\"wpb_column vc_column_container vc_col-sm-12\"><div class=\"vc_column-inner\"><div class=\"wpb_wrapper\"><div      class=\"vc_row wpb_row section vc_row-fluid vc_inner\" style=' text-align:left;'><div class=\"full_section_inner clearfix\"><div class=\"wpb_column vc_column_container vc_col-sm-2\"><div class=\"vc_column-inner\"><div class=\"wpb_wrapper\"><\/div><\/div><\/div><div class=\"wpb_column vc_column_container vc_col-sm-8\"><div class=\"vc_column-inner\"><div class=\"wpb_wrapper\"><div class=\"separator  transparent\" style=\"margin-bottom: 60px;\"><\/div>\n\n\t<div class=\"wpb_single_image wpb_content_element vc_align_center\">\n\t\t<div class=\"wpb_wrapper\">\n\t\t\t\n\t\t\t<div class=\"vc_single_image-wrapper   vc_box_border_grey\"><img width=\"455\" height=\"186\" src=\"https:\/\/www.lacremedeparis.com\/wp-content\/uploads\/2018\/04\/sanslait-sansoeufs-sansgluten2.jpg\" class=\"vc_single_image-img attachment-full\" alt=\"\" decoding=\"async\" loading=\"lazy\" title=\"mj\u00f6lkfri-\u00e4ggfri-glutenfri2\" srcset=\"https:\/\/www.lacremedeparis.com\/wp-content\/uploads\/2018\/04\/sanslait-sansoeufs-sansgluten2.jpg 455w, https:\/\/www.lacremedeparis.com\/wp-content\/uploads\/2018\/04\/sanslait-sansoeufs-sansgluten2-300x123.jpg 300w\" sizes=\"(max-width: 455px) 100vw, 455px\" \/><\/div>\n\t\t<\/div>\n\t<\/div>\n<\/div><\/div><\/div><div class=\"wpb_column vc_column_container vc_col-sm-2\"><div class=\"vc_column-inner\"><div class=\"wpb_wrapper\"><\/div><\/div><\/div><\/div><\/div><div class=\"separator  transparent\" style=\"margin-bottom: 20px;\"><\/div>\n\n\t<div class=\"wpb_text_column wpb_content_element\">\n\t\t<div class=\"wpb_wrapper\">\n\t\t\t<h3 style=\"text-align: center;\">V\u00e5ra bovetepannkakor<\/h3>\n<p style=\"text-align: center;\">\u00e4r certifierade <strong>glutenfri<\/strong><\/p>\n<p style=\"text-align: center;\"><strong>\u00c4gg- och laktosfri<\/strong>.<\/p>\n\n\t\t<\/div> \n\t<\/div> <div class=\"separator  transparent\" style=\"margin-bottom: 10px;\"><\/div>\n<\/div><\/div><\/div><\/div><\/div><div      class=\"vc_row wpb_row section vc_row-fluid\" style=' text-align:left;'><div class=\"full_section_inner clearfix\"><div class=\"wpb_column vc_column_container vc_col-sm-6\"><div class=\"vc_column-inner\"><div class=\"wpb_wrapper\">\t<div class=\"vc_empty_space\"  style=\"height: 20px\" ><span\n\t\t\tclass=\"vc_empty_space_inner\">\n\t\t\t<span class=\"empty_space_image\"  ><\/span>\n\t\t<\/span><\/div>\n\n<div      class=\"vc_row wpb_row section vc_row-fluid vc_inner\" style=' text-align:left;'><div class=\"full_section_inner clearfix\"><div class=\"wpb_column vc_column_container vc_col-sm-2\"><div class=\"vc_column-inner\"><div class=\"wpb_wrapper\"><\/div><\/div><\/div><div class=\"mobil-space wpb_column vc_column_container vc_col-sm-10\"><div class=\"vc_column-inner\"><div class=\"wpb_wrapper\">\n\t<div class=\"wpb_text_column wpb_content_element  vc_custom_1524729961286\">\n\t\t<div class=\"wpb_wrapper\">\n\t\t\t<h5>Tillverkad av <strong>Ekologiskt bovetemj\u00f6l<br \/>\n<\/strong><\/h5>\n<p style=\"text-align: justify;\">V\u00e5rt ekologiska bovetemj\u00f6l \u00e4r franskt, tillverkat av den <span class=\"st\">hantverksm\u00e4ssiga kvarnar i Rennes<\/span>. Bokvete, som traditionellt odlas i Nepal, Kina och Sibirien, och som kallas \"svart vete\" p\u00e5 grund av sitt utseende, d\u00f6k upp i Frankrike p\u00e5 1100-talet n\u00e4r korsfararna \u00e5terv\u00e4nde. Bovete \u00e4r ingen spannm\u00e5l, utan ett fr\u00f6. Dess mj\u00f6l \u00e4r rikt p\u00e5 fibrer, protein, antioxidanter och glutenfritt.<\/p>\n\n\t\t<\/div> \n\t<\/div> <div class=\"separator  transparent\" style=\"margin-bottom: 10px;\"><\/div>\n\n\t<div class=\"wpb_text_column wpb_content_element  vc_custom_1524729936768\">\n\t\t<div class=\"wpb_wrapper\">\n\t\t\t<p>Dess rustika och l\u00e4tt n\u00f6tiga smak, dess sm\u00e4ltande och krispiga konsistens passar utm\u00e4rkt ihop med v\u00e5ra kryddkompositioner, tillsammans med en gr\u00f6n sallad med pumpafr\u00f6n och pinjen\u00f6tter.<\/p>\n\n\t\t<\/div> \n\t<\/div> <\/div><\/div><\/div><\/div><\/div><div class=\"separator  transparent\" style=\"margin-bottom: 10px;\"><\/div>\n<div      class=\"vc_row wpb_row section vc_row-fluid vc_inner  vc_custom_1518621931351\" style=' text-align:left;'><div class=\"full_section_inner clearfix\"><div class=\"wpb_column vc_column_container vc_col-sm-3\"><div class=\"vc_column-inner\"><div class=\"wpb_wrapper\"><\/div><\/div><\/div><div class=\"wpb_column vc_column_container vc_col-sm-3\"><div class=\"vc_column-inner\"><div class=\"wpb_wrapper\"><\/div><\/div><\/div><div class=\"wpb_column vc_column_container vc_col-sm-6\"><div class=\"vc_column-inner\"><div class=\"wpb_wrapper\"><div class=\"separator  transparent\" style=\"margin-bottom: 30px;\"><\/div>\n\n\t<div class=\"wpb_single_image wpb_content_element vc_align_center\">\n\t\t<div class=\"wpb_wrapper\">\n\t\t\t\n\t\t\t<div class=\"vc_single_image-wrapper   vc_box_border_grey\"><img width=\"465\" height=\"383\" src=\"https:\/\/www.lacremedeparis.com\/wp-content\/uploads\/2018\/02\/farine-de-sarazin-la-creme-de-paris.jpg\" class=\"vc_single_image-img attachment-full\" alt=\"\" decoding=\"async\" loading=\"lazy\" title=\"farine-de-sarazin-la-creme-de-paris\" srcset=\"https:\/\/www.lacremedeparis.com\/wp-content\/uploads\/2018\/02\/farine-de-sarazin-la-creme-de-paris.jpg 465w, https:\/\/www.lacremedeparis.com\/wp-content\/uploads\/2018\/02\/farine-de-sarazin-la-creme-de-paris-300x247.jpg 300w\" sizes=\"(max-width: 465px) 100vw, 465px\" \/><\/div>\n\t\t<\/div>\n\t<\/div>\n<\/div><\/div><\/div><\/div><\/div><\/div><\/div><\/div><div class=\"wpb_animate_when_almost_visible wpb_slideInRight slideInRight wpb_column vc_column_container vc_col-sm-6\"><div class=\"vc_column-inner\"><div class=\"wpb_wrapper\">\n\t<div class=\"wpb_single_image wpb_content_element vc_align_right\">\n\t\t<div class=\"wpb_wrapper\">\n\t\t\t\n\t\t\t<div class=\"vc_single_image-wrapper   vc_box_border_grey\"><img width=\"700\" height=\"486\" src=\"https:\/\/www.lacremedeparis.com\/wp-content\/uploads\/2018\/02\/crepe-sarrasin-cutrightS.jpg\" class=\"vc_single_image-img attachment-full\" alt=\"\" decoding=\"async\" loading=\"lazy\" title=\"bovete crepe-cutrightS\" srcset=\"https:\/\/www.lacremedeparis.com\/wp-content\/uploads\/2018\/02\/crepe-sarrasin-cutrightS.jpg 700w, https:\/\/www.lacremedeparis.com\/wp-content\/uploads\/2018\/02\/crepe-sarrasin-cutrightS-300x208.jpg 300w\" sizes=\"(max-width: 700px) 100vw, 700px\" \/><\/div>\n\t\t<\/div>\n\t<\/div>\n<\/div><\/div><\/div><\/div><\/div><div      class=\"vc_row wpb_row section vc_row-fluid\" style=' text-align:left;'><div class=\"full_section_inner clearfix\"><div class=\"wpb_column vc_column_container vc_col-sm-12\"><div class=\"vc_column-inner\"><div class=\"wpb_wrapper\"><div class=\"separator  transparent\" style=\"margin-bottom: 40px;\"><\/div>\n<\/div><\/div><\/div><\/div><\/div><div      class=\"vc_row wpb_row section vc_row-fluid\" style=' text-align:left;'><div class=\"full_section_inner clearfix\"><div class=\"wpb_animate_when_almost_visible wpb_slideInLeft slideInLeft wpb_column vc_column_container vc_col-sm-4\"><div class=\"vc_column-inner\"><div class=\"wpb_wrapper\">\n\t<div class=\"wpb_single_image wpb_content_element vc_align_left\">\n\t\t<div class=\"wpb_wrapper\">\n\t\t\t\n\t\t\t<div class=\"vc_single_image-wrapper   vc_box_border_grey\"><img width=\"543\" height=\"538\" src=\"https:\/\/www.lacremedeparis.com\/wp-content\/uploads\/2018\/02\/crepe-la-creme-de-paris-left.jpg\" class=\"vc_single_image-img attachment-full\" alt=\"\" decoding=\"async\" loading=\"lazy\" title=\"crepe-la-creme-de-paris-v\u00e4nster\" srcset=\"https:\/\/www.lacremedeparis.com\/wp-content\/uploads\/2018\/02\/crepe-la-creme-de-paris-left.jpg 543w, https:\/\/www.lacremedeparis.com\/wp-content\/uploads\/2018\/02\/crepe-la-creme-de-paris-left-150x150.jpg 150w, https:\/\/www.lacremedeparis.com\/wp-content\/uploads\/2018\/02\/crepe-la-creme-de-paris-left-300x297.jpg 300w\" sizes=\"(max-width: 543px) 100vw, 543px\" \/><\/div>\n\t\t<\/div>\n\t<\/div>\n<\/div><\/div><\/div><div class=\"mobil-space wpb_column vc_column_container vc_col-sm-4\"><div class=\"vc_column-inner vc_custom_1524505307296\"><div class=\"wpb_wrapper\"><div class=\"separator  transparent\" style=\"margin-bottom: 40px;\"><\/div>\n\n\t<div class=\"wpb_text_column wpb_content_element\">\n\t\t<div class=\"wpb_wrapper\">\n\t\t\t<h3 style=\"text-align: center;\">V\u00e5ra traditionella pannkakor<\/h3>\n<p style=\"text-align: center;\">\u00e4r <strong>extremt gener\u00f6s och gammaldags<\/strong>.<\/p>\n\n\t\t<\/div> \n\t<\/div> \t<div class=\"vc_empty_space\"  style=\"height: 30px\" ><span\n\t\t\tclass=\"vc_empty_space_inner\">\n\t\t\t<span class=\"empty_space_image\"  ><\/span>\n\t\t<\/span><\/div>\n\n\n\t<div class=\"wpb_text_column wpb_content_element\">\n\t\t<div class=\"wpb_wrapper\">\n\t\t\t<h5>Tillverkad av <strong>Vetemj\u00f6l<br \/>\n<\/strong><\/h5>\n<p>H\u00e4r \u00e4r pannkakan tjock och gener\u00f6s p\u00e5 gammaldags vis!<\/p>\n<p style=\"text-align: justify;\">Mycket v\u00e4lsmakande, s\u00f6ta eller salta, p\u00e5 plats eller att ta med sig, de gl\u00e4djer v\u00e5r glupska aptit, fr\u00e5n den enklaste fyllningen f\u00f6r purister till den mest rikliga f\u00f6r dem med stor aptit!<\/p>\n\n\t\t<\/div> \n\t<\/div> <\/div><\/div><\/div><div class=\"wpb_animate_when_almost_visible wpb_slideInRight slideInRight wpb_column vc_column_container vc_col-sm-4\"><div class=\"vc_column-inner\"><div class=\"wpb_wrapper\"><div class=\"separator  transparent\" style=\"margin-bottom: 10px;\"><\/div>\n\n\t<div class=\"wpb_single_image wpb_content_element vc_align_right\">\n\t\t<div class=\"wpb_wrapper\">\n\t\t\t\n\t\t\t<div class=\"vc_single_image-wrapper   vc_box_border_grey\"><img width=\"600\" height=\"471\" src=\"https:\/\/www.lacremedeparis.com\/wp-content\/uploads\/2018\/02\/crepes-closeup-la-creme-de-paris.jpg\" class=\"vc_single_image-img attachment-full\" alt=\"\" decoding=\"async\" loading=\"lazy\" title=\"crepes-closeup-la-creme-de-paris\" srcset=\"https:\/\/www.lacremedeparis.com\/wp-content\/uploads\/2018\/02\/crepes-closeup-la-creme-de-paris.jpg 600w, https:\/\/www.lacremedeparis.com\/wp-content\/uploads\/2018\/02\/crepes-closeup-la-creme-de-paris-300x236.jpg 300w\" sizes=\"(max-width: 600px) 100vw, 600px\" \/><\/div>\n\t\t<\/div>\n\t<\/div>\n<\/div><\/div><\/div><\/div><\/div><div      class=\"vc_row wpb_row section vc_row-fluid\" style=' text-align:center;'><div class=\"full_section_inner clearfix\"><div class=\"icecream-resp wpb_column vc_column_container vc_col-sm-12\"><div class=\"vc_column-inner vc_custom_1520587007170\"><div class=\"wpb_wrapper\">\n\t<div class=\"wpb_single_image wpb_content_element vc_align_center   ice-hide\">\n\t\t<div class=\"wpb_wrapper\">\n\t\t\t\n\t\t\t<div class=\"vc_single_image-wrapper   vc_box_border_grey\"><img width=\"1200\" height=\"759\" src=\"https:\/\/www.lacremedeparis.com\/wp-content\/uploads\/2018\/03\/IceCreamCremedeparis-cup-cone.jpg\" class=\"vc_single_image-img attachment-full\" alt=\"\" decoding=\"async\" loading=\"lazy\" title=\"IceCreamCremedeparis-cup-cone\" srcset=\"https:\/\/www.lacremedeparis.com\/wp-content\/uploads\/2018\/03\/IceCreamCremedeparis-cup-cone.jpg 1200w, https:\/\/www.lacremedeparis.com\/wp-content\/uploads\/2018\/03\/IceCreamCremedeparis-cup-cone-300x190.jpg 300w, https:\/\/www.lacremedeparis.com\/wp-content\/uploads\/2018\/03\/IceCreamCremedeparis-cup-cone-768x486.jpg 768w, https:\/\/www.lacremedeparis.com\/wp-content\/uploads\/2018\/03\/IceCreamCremedeparis-cup-cone-1024x648.jpg 1024w, https:\/\/www.lacremedeparis.com\/wp-content\/uploads\/2018\/03\/IceCreamCremedeparis-cup-cone-700x443.jpg 700w\" sizes=\"(max-width: 1200px) 100vw, 1200px\" \/><\/div>\n\t\t<\/div>\n\t<\/div>\n\n\t<div class=\"wpb_single_image wpb_content_element vc_align_center   ice-show\">\n\t\t<div class=\"wpb_wrapper\">\n\t\t\t\n\t\t\t<div class=\"vc_single_image-wrapper   vc_box_border_grey\"><img width=\"800\" height=\"939\" src=\"https:\/\/www.lacremedeparis.com\/wp-content\/uploads\/2018\/04\/IceCreamCup-mobiles.jpg\" class=\"vc_single_image-img attachment-full\" alt=\"\" decoding=\"async\" loading=\"lazy\" title=\"IceCreamCup-mobiles\" srcset=\"https:\/\/www.lacremedeparis.com\/wp-content\/uploads\/2018\/04\/IceCreamCup-mobiles.jpg 800w, https:\/\/www.lacremedeparis.com\/wp-content\/uploads\/2018\/04\/IceCreamCup-mobiles-256x300.jpg 256w, https:\/\/www.lacremedeparis.com\/wp-content\/uploads\/2018\/04\/IceCreamCup-mobiles-768x901.jpg 768w, https:\/\/www.lacremedeparis.com\/wp-content\/uploads\/2018\/04\/IceCreamCup-mobiles-700x822.jpg 700w\" sizes=\"(max-width: 800px) 100vw, 800px\" \/><\/div>\n\t\t<\/div>\n\t<\/div>\n<div class=\"separator  transparent\" style=\"margin-bottom: 20px;\"><\/div>\n<\/div><\/div><\/div><\/div><\/div><div      class=\"vc_row wpb_row section vc_row-fluid  vc_custom_1524343366664\" style=' text-align:left;'><div class=\"full_section_inner clearfix\"><div class=\"wpb_column vc_column_container vc_col-sm-12\"><div class=\"vc_column-inner\"><div class=\"wpb_wrapper\">\n\t<div class=\"wpb_text_column wpb_content_element\">\n\t\t<div class=\"wpb_wrapper\">\n\t\t\t<h3 style=\"text-align: center;\">V\u00e5rt glasslaboratorium<\/h3>\n<p style=\"text-align: center;\">gjort upp <strong>p\u00e5 plats utan f\u00e4rg\u00e4mnen eller konserveringsmedel<\/strong>.<\/p>\n\n\t\t<\/div> \n\t<\/div> <div class=\"separator  transparent\" style=\"margin-bottom: 40px;\"><\/div>\n<div      class=\"vc_row wpb_row section vc_row-fluid vc_inner\" style=' text-align:left;'><div class=\"full_section_inner clearfix\"><div class=\"wpb_column vc_column_container vc_col-sm-3\"><div class=\"vc_column-inner\"><div class=\"wpb_wrapper\"><\/div><\/div><\/div><div class=\"wpb_column vc_column_container vc_col-sm-6\"><div class=\"vc_column-inner\"><div class=\"wpb_wrapper\">\n\t<div class=\"wpb_text_column wpb_content_element\">\n\t\t<div class=\"wpb_wrapper\">\n\t\t\t<h5 style=\"text-align: justify;\"><strong>Hemgjord glass och sorbeter<br \/>\n<\/strong><\/h5>\n<p style=\"text-align: ljustify;\">V\u00e5ra glassar med sina naturliga smaker kan avnjutas under alla \u00e5rstider, i krispiga koner eller i skopor, p\u00e5 dina pannkakor och v\u00e5fflor.<\/p>\n<div class=\"separator  transparent center\" style=\"margin-top: 10pxpx;\"><\/div>\n\n<p style=\"text-align: justify;\">Vi g\u00f6r v\u00e5ra hemgjorda glassar med smakrika kvalitetsingredienser: 100% sicilianska pistagen\u00f6tter, hasseln\u00f6tter fr\u00e5n Piemonte, choklad fr\u00e5n Valrhola, rena vaniljb\u00f6nor...<\/p>\n<div class=\"separator  transparent center\" style=\"margin-top: 10pxpx;\"><\/div>\n\n<p style=\"text-align: justify;\">De b\u00e4sta ingredienserna v\u00e4ljs ut med passion f\u00f6r att ge \u00e4nnu b\u00e4ttre smak i v\u00e5rt glasslaboratorium. V\u00e5r vispgr\u00e4dde och pralin \u00e4r ocks\u00e5 100% hemgjorda!<\/p>\n\n\t\t<\/div> \n\t<\/div> <div class=\"separator  transparent\" style=\"margin-bottom: 40px;\"><\/div>\n\n\t<div class=\"wpb_text_column wpb_content_element\">\n\t\t<div class=\"wpb_wrapper\">\n\t\t\t<h5 style=\"text-align: left;\"><strong>Hemgjorda milkshakes<br \/>\n<\/strong><\/h5>\n<p style=\"text-align: left;\">V\u00e5ra milkshakes g\u00f6rs med god fransk helmj\u00f6lk och hemgjord glass, utan tillsats av is eller vatten. Bra smaker hela v\u00e4gen till dina smakl\u00f6kar!<\/p>\n\n\t\t<\/div> \n\t<\/div> <\/div><\/div><\/div><div class=\"wpb_column vc_column_container vc_col-sm-3\"><div class=\"vc_column-inner\"><div class=\"wpb_wrapper\"><\/div><\/div><\/div><\/div><\/div><div class=\"separator  transparent\" style=\"margin-bottom: 40px;\"><\/div>\n<\/div><\/div><\/div><\/div><\/div><div      class=\"vc_row wpb_row section vc_row-fluid\" style=' text-align:left;'><div class=\"full_section_inner clearfix\"><div class=\"wpb_column vc_column_container vc_col-sm-2\"><div class=\"vc_column-inner\"><div class=\"wpb_wrapper\">\n\t<div class=\"wpb_single_image wpb_content_element vc_align_center   hide-on-mobil\">\n\t\t<div class=\"wpb_wrapper\">\n\t\t\t\n\t\t\t<div class=\"vc_single_image-wrapper   vc_box_border_grey\"><img width=\"261\" height=\"318\" src=\"https:\/\/www.lacremedeparis.com\/wp-content\/uploads\/2018\/02\/ice-balls-vanilla.jpg\" class=\"vc_single_image-img attachment-full\" alt=\"\" decoding=\"async\" loading=\"lazy\" title=\"isbollar-vanilj\" srcset=\"https:\/\/www.lacremedeparis.com\/wp-content\/uploads\/2018\/02\/ice-balls-vanilla.jpg 261w, https:\/\/www.lacremedeparis.com\/wp-content\/uploads\/2018\/02\/ice-balls-vanilla-246x300.jpg 246w\" sizes=\"(max-width: 261px) 100vw, 261px\" \/><\/div>\n\t\t<\/div>\n\t<\/div>\n<\/div><\/div><\/div><div class=\"wpb_column vc_column_container vc_col-sm-2\"><div class=\"vc_column-inner\"><div class=\"wpb_wrapper\">\n\t<div class=\"wpb_single_image wpb_content_element vc_align_center   hide-on-mobil\">\n\t\t<div class=\"wpb_wrapper\">\n\t\t\t\n\t\t\t<div class=\"vc_single_image-wrapper   vc_box_border_grey\"><img width=\"261\" height=\"318\" src=\"https:\/\/www.lacremedeparis.com\/wp-content\/uploads\/2018\/02\/ice-balls-cafe.jpg\" class=\"vc_single_image-img attachment-full\" alt=\"\" decoding=\"async\" loading=\"lazy\" title=\"isbollar-cafe\" srcset=\"https:\/\/www.lacremedeparis.com\/wp-content\/uploads\/2018\/02\/ice-balls-cafe.jpg 261w, https:\/\/www.lacremedeparis.com\/wp-content\/uploads\/2018\/02\/ice-balls-cafe-246x300.jpg 246w\" sizes=\"(max-width: 261px) 100vw, 261px\" \/><\/div>\n\t\t<\/div>\n\t<\/div>\n<\/div><\/div><\/div><div class=\"wpb_column vc_column_container vc_col-sm-2\"><div class=\"vc_column-inner\"><div class=\"wpb_wrapper\">\n\t<div class=\"wpb_single_image wpb_content_element vc_align_center\">\n\t\t<div class=\"wpb_wrapper\">\n\t\t\t\n\t\t\t<div class=\"vc_single_image-wrapper   vc_box_border_grey\"><img width=\"261\" height=\"318\" src=\"https:\/\/www.lacremedeparis.com\/wp-content\/uploads\/2018\/02\/ice-balls-chocolat.jpg\" class=\"vc_single_image-img attachment-full\" alt=\"\" decoding=\"async\" loading=\"lazy\" title=\"isbollar-choklad\" srcset=\"https:\/\/www.lacremedeparis.com\/wp-content\/uploads\/2018\/02\/ice-balls-chocolat.jpg 261w, https:\/\/www.lacremedeparis.com\/wp-content\/uploads\/2018\/02\/ice-balls-chocolat-246x300.jpg 246w\" sizes=\"(max-width: 261px) 100vw, 261px\" \/><\/div>\n\t\t<\/div>\n\t<\/div>\n<\/div><\/div><\/div><div class=\"wpb_column vc_column_container vc_col-sm-2\"><div class=\"vc_column-inner\"><div class=\"wpb_wrapper\">\n\t<div class=\"wpb_single_image wpb_content_element vc_align_center\">\n\t\t<div class=\"wpb_wrapper\">\n\t\t\t\n\t\t\t<div class=\"vc_single_image-wrapper   vc_box_border_grey\"><img width=\"261\" height=\"318\" src=\"https:\/\/www.lacremedeparis.com\/wp-content\/uploads\/2018\/02\/ice-balls-citron.jpg\" class=\"vc_single_image-img attachment-full\" alt=\"\" decoding=\"async\" loading=\"lazy\" title=\"isbollar-limon\" srcset=\"https:\/\/www.lacremedeparis.com\/wp-content\/uploads\/2018\/02\/ice-balls-citron.jpg 261w, https:\/\/www.lacremedeparis.com\/wp-content\/uploads\/2018\/02\/ice-balls-citron-246x300.jpg 246w\" sizes=\"(max-width: 261px) 100vw, 261px\" \/><\/div>\n\t\t<\/div>\n\t<\/div>\n<\/div><\/div><\/div><div class=\"wpb_column vc_column_container vc_col-sm-2\"><div class=\"vc_column-inner\"><div class=\"wpb_wrapper\">\n\t<div class=\"wpb_single_image wpb_content_element vc_align_center\">\n\t\t<div class=\"wpb_wrapper\">\n\t\t\t\n\t\t\t<div class=\"vc_single_image-wrapper   vc_box_border_grey\"><img width=\"261\" height=\"318\" src=\"https:\/\/www.lacremedeparis.com\/wp-content\/uploads\/2018\/02\/ice-balls-fraise.jpg\" class=\"vc_single_image-img attachment-full\" alt=\"\" decoding=\"async\" loading=\"lazy\" title=\"isbollar-striker\" srcset=\"https:\/\/www.lacremedeparis.com\/wp-content\/uploads\/2018\/02\/ice-balls-fraise.jpg 261w, https:\/\/www.lacremedeparis.com\/wp-content\/uploads\/2018\/02\/ice-balls-fraise-246x300.jpg 246w\" sizes=\"(max-width: 261px) 100vw, 261px\" \/><\/div>\n\t\t<\/div>\n\t<\/div>\n<\/div><\/div><\/div><div class=\"wpb_column vc_column_container vc_col-sm-2\"><div class=\"vc_column-inner\"><div class=\"wpb_wrapper\">\n\t<div class=\"wpb_single_image wpb_content_element vc_align_center   hide-on-mobil\">\n\t\t<div class=\"wpb_wrapper\">\n\t\t\t\n\t\t\t<div class=\"vc_single_image-wrapper   vc_box_border_grey\"><img width=\"261\" height=\"318\" src=\"https:\/\/www.lacremedeparis.com\/wp-content\/uploads\/2018\/02\/ice-balls-framboise.jpg\" class=\"vc_single_image-img attachment-full\" alt=\"\" decoding=\"async\" loading=\"lazy\" title=\"isbollar-hallon\" srcset=\"https:\/\/www.lacremedeparis.com\/wp-content\/uploads\/2018\/02\/ice-balls-framboise.jpg 261w, https:\/\/www.lacremedeparis.com\/wp-content\/uploads\/2018\/02\/ice-balls-framboise-246x300.jpg 246w\" sizes=\"(max-width: 261px) 100vw, 261px\" \/><\/div>\n\t\t<\/div>\n\t<\/div>\n<\/div><\/div><\/div><\/div><\/div>\n<\/div>","protected":false},"excerpt":{"rendered":"Allt \u00e4r hemlagat! F\u00e4rskpressad frukt och gr\u00f6nsaker, v\u00e4lsmakande hemgjord glass utan f\u00e4rg\u00e4mnen och konserveringsmedel. Recept som kombinerar god smak och h\u00e4lsa! F\u00e4rska gr\u00f6nsaker som tillagas p\u00e5 plats, v\u00e5ra gr\u00f6nsaker har valts ut f\u00f6r att fylla p\u00e5 med vitaminer och...","protected":false},"author":1,"featured_media":0,"parent":0,"menu_order":0,"comment_status":"closed","ping_status":"closed","template":"full_width.php","meta":[],"_links":{"self":[{"href":"https:\/\/www.lacremedeparis.com\/sv\/wp-json\/wp\/v2\/pages\/537"}],"collection":[{"href":"https:\/\/www.lacremedeparis.com\/sv\/wp-json\/wp\/v2\/pages"}],"about":[{"href":"https:\/\/www.lacremedeparis.com\/sv\/wp-json\/wp\/v2\/types\/page"}],"author":[{"embeddable":true,"href":"https:\/\/www.lacremedeparis.com\/sv\/wp-json\/wp\/v2\/users\/1"}],"replies":[{"embeddable":true,"href":"https:\/\/www.lacremedeparis.com\/sv\/wp-json\/wp\/v2\/comments?post=537"}],"version-history":[{"count":490,"href":"https:\/\/www.lacremedeparis.com\/sv\/wp-json\/wp\/v2\/pages\/537\/revisions"}],"predecessor-version":[{"id":2094,"href":"https:\/\/www.lacremedeparis.com\/sv\/wp-json\/wp\/v2\/pages\/537\/revisions\/2094"}],"wp:attachment":[{"href":"https:\/\/www.lacremedeparis.com\/sv\/wp-json\/wp\/v2\/media?parent=537"}],"curies":[{"name":"wp","href":"https:\/\/api.w.org\/{rel}","templated":true}]}}