{"id":537,"date":"2018-01-05T10:29:00","date_gmt":"2018-01-05T09:29:00","guid":{"rendered":"https:\/\/www.lacremedeparis.com\/?page_id=537"},"modified":"2021-10-20T17:05:09","modified_gmt":"2021-10-20T15:05:09","slug":"fait-maison","status":"publish","type":"page","link":"https:\/\/www.lacremedeparis.com\/pt\/fait-maison\/","title":{"rendered":"estilo da casa"},"content":{"rendered":"<div class=\"wpb-content-wrapper\"><div      class=\"vc_row wpb_row section vc_row-fluid\" style=' text-align:left;'><div class=\"full_section_inner clearfix\"><div class=\"wpb_column vc_column_container vc_col-sm-12\"><div class=\"vc_column-inner\"><div class=\"wpb_wrapper\">\n\t<div class=\"wpb_single_image wpb_content_element vc_align_center   banner-top-ice\">\n\t\t<div class=\"wpb_wrapper\">\n\t\t\t\n\t\t\t<div class=\"vc_single_image-wrapper   vc_box_border_grey\"><img width=\"2000\" height=\"727\" src=\"https:\/\/www.lacremedeparis.com\/wp-content\/uploads\/2018\/04\/banniere-lacremedeparis.jpg\" class=\"vc_single_image-img attachment-full\" alt=\"\" decoding=\"async\" loading=\"lazy\" title=\"banniere-lacremedeparis\" srcset=\"https:\/\/www.lacremedeparis.com\/wp-content\/uploads\/2018\/04\/banniere-lacremedeparis.jpg 2000w, https:\/\/www.lacremedeparis.com\/wp-content\/uploads\/2018\/04\/banniere-lacremedeparis-300x109.jpg 300w, https:\/\/www.lacremedeparis.com\/wp-content\/uploads\/2018\/04\/banniere-lacremedeparis-768x279.jpg 768w, https:\/\/www.lacremedeparis.com\/wp-content\/uploads\/2018\/04\/banniere-lacremedeparis-1024x372.jpg 1024w, https:\/\/www.lacremedeparis.com\/wp-content\/uploads\/2018\/04\/banniere-lacremedeparis-700x254.jpg 700w\" sizes=\"(max-width: 2000px) 100vw, 2000px\" \/><\/div>\n\t\t<\/div>\n\t<\/div>\n<\/div><\/div><\/div><\/div><\/div><div      class=\"vc_row wpb_row section vc_row-fluid  disable_negative_margin\" style=' text-align:left;'><div class=\"full_section_inner clearfix\"><div class=\"wpb_column vc_column_container vc_col-sm-12\"><div class=\"vc_column-inner\"><div class=\"wpb_wrapper\">\n\t<div class=\"wpb_text_column wpb_content_element\">\n\t\t<div class=\"wpb_wrapper\">\n\t\t\t<h3 style=\"text-align: center;\">Tudo \u00e9 feito em casa!<\/h3>\n<p style=\"text-align: center;\">Frutas e legumes acabados de espremer, saborosos gelados criados internamente sem corantes nem conservantes.<\/p>\n<p style=\"text-align: center;\">Receitas que combinam bom gosto e sa\u00fade!<\/p>\n\n\t\t<\/div> \n\t<\/div> <div class=\"separator  transparent\" style=\"margin-top: 20px;\"><\/div>\n<div      class=\"vc_row wpb_row section vc_row-fluid vc_inner  vc_custom_1523703693900\" style=' text-align:left;'><div class=\"full_section_inner clearfix\"><div class=\"wpb_column vc_column_container vc_col-sm-4 vc_col-lg-offset-0 vc_col-md-offset-0 vc_col-sm-offset-0\"><div class=\"vc_column-inner\"><div class=\"wpb_wrapper\">\n\t<div class=\"wpb_single_image wpb_content_element vc_align_center\">\n\t\t<div class=\"wpb_wrapper\">\n\t\t\t\n\t\t\t<div class=\"vc_single_image-wrapper   vc_box_border_grey\"><img width=\"518\" height=\"547\" src=\"https:\/\/www.lacremedeparis.com\/wp-content\/uploads\/2018\/04\/decor-bocal-legumes-frais-o.png\" class=\"vc_single_image-img attachment-full\" alt=\"\" decoding=\"async\" loading=\"lazy\" title=\"decor-jar-fresh-vegetables-o\" srcset=\"https:\/\/www.lacremedeparis.com\/wp-content\/uploads\/2018\/04\/decor-bocal-legumes-frais-o.png 518w, https:\/\/www.lacremedeparis.com\/wp-content\/uploads\/2018\/04\/decor-bocal-legumes-frais-o-284x300.png 284w\" sizes=\"(max-width: 518px) 100vw, 518px\" \/><\/div>\n\t\t<\/div>\n\t<\/div>\n<div class=\"separator  transparent\" style=\"margin-top: 10px;\"><\/div>\n\n\t<div class=\"wpb_text_column wpb_content_element  vc_custom_1524383943538\">\n\t\t<div class=\"wpb_wrapper\">\n\t\t\t<h5 style=\"text-align: center;\">Legumes frescos<\/h5>\n<p style=\"text-align: center;\">Preparados no local, os nossos legumes foram escolhidos para se encherem de vitaminas e para trazer equil\u00edbrio \u00e0 delicadeza. O prato preferido de jovens e velhos que t\u00eam dificuldade em ficar verdes!<\/p>\n\n\t\t<\/div> \n\t<\/div> <\/div><\/div><\/div><div class=\"wpb_column vc_column_container vc_col-sm-4\"><div class=\"vc_column-inner\"><div class=\"wpb_wrapper\">\n\t<div class=\"wpb_single_image wpb_content_element vc_align_center  element_from_fade\">\n\t\t<div class=\"wpb_wrapper\">\n\t\t\t\n\t\t\t<div class=\"vc_single_image-wrapper   vc_box_border_grey\"><img width=\"259\" height=\"547\" src=\"https:\/\/www.lacremedeparis.com\/wp-content\/uploads\/2018\/02\/decor-pineapple-o.png\" class=\"vc_single_image-img attachment-full\" alt=\"\" decoding=\"async\" loading=\"lazy\" title=\"decora-ananan\u00e1s-o\" srcset=\"https:\/\/www.lacremedeparis.com\/wp-content\/uploads\/2018\/02\/decor-pineapple-o.png 259w, https:\/\/www.lacremedeparis.com\/wp-content\/uploads\/2018\/02\/decor-pineapple-o-142x300.png 142w\" sizes=\"(max-width: 259px) 100vw, 259px\" \/><\/div>\n\t\t<\/div>\n\t<\/div>\n<\/div><\/div><\/div><div class=\"wpb_column vc_column_container vc_col-sm-4\"><div class=\"vc_column-inner\"><div class=\"wpb_wrapper\">\n\t<div class=\"wpb_single_image wpb_content_element vc_align_center\">\n\t\t<div class=\"wpb_wrapper\">\n\t\t\t\n\t\t\t<div class=\"vc_single_image-wrapper   vc_box_border_grey\"><img width=\"518\" height=\"547\" src=\"https:\/\/www.lacremedeparis.com\/wp-content\/uploads\/2018\/04\/decor-bocal-fruits-frais-o.png\" class=\"vc_single_image-img attachment-full\" alt=\"\" decoding=\"async\" loading=\"lazy\" title=\"decor-bocal-fruit-fruit-fresh-o\" srcset=\"https:\/\/www.lacremedeparis.com\/wp-content\/uploads\/2018\/04\/decor-bocal-fruits-frais-o.png 518w, https:\/\/www.lacremedeparis.com\/wp-content\/uploads\/2018\/04\/decor-bocal-fruits-frais-o-284x300.png 284w\" sizes=\"(max-width: 518px) 100vw, 518px\" \/><\/div>\n\t\t<\/div>\n\t<\/div>\n<div class=\"separator  transparent\" style=\"margin-top: 10px;\"><\/div>\n\n\t<div class=\"wpb_text_column wpb_content_element\">\n\t\t<div class=\"wpb_wrapper\">\n\t\t\t<h5 style=\"text-align: center;\">Frutas frescas<\/h5>\n<p style=\"text-align: center;\">Suculento e saboroso,\u00a0<span class=\"s1\">pressionado minuto, <\/span>os nossos sumos e curas vitam\u00ednicas d\u00e3o-lhe um t\u00f3nus incompar\u00e1vel. Para te manter em forma e aumentar a tua boa apar\u00eancia! Os nossos deliciosos smoothies s\u00e3o feitos a partir de pur\u00e9 de fruta fresca e gelado caseiro.<\/p>\n\n\t\t<\/div> \n\t<\/div> <\/div><\/div><\/div><\/div><\/div><\/div><\/div><\/div><\/div><\/div><div      class=\"vc_row wpb_row section vc_row-fluid  vc_custom_1519410196252 disable_negative_margin\" style='background-color:#efefef; text-align:left;'><div class=\"full_section_inner clearfix\"><div class=\"wpb_column vc_column_container vc_col-sm-12\"><div class=\"vc_column-inner\"><div class=\"wpb_wrapper\"><div class=\"separator  transparent\" style=\"margin-top: 10px;\"><\/div>\n\n\t<div class=\"wpb_single_image wpb_content_element vc_align_center\">\n\t\t<div class=\"wpb_wrapper\">\n\t\t\t\n\t\t\t<div class=\"vc_single_image-wrapper   vc_box_border_grey\"><img width=\"165\" height=\"148\" src=\"https:\/\/www.lacremedeparis.com\/wp-content\/uploads\/2018\/04\/sansgluten3.jpg\" class=\"vc_single_image-img attachment-full\" alt=\"\" decoding=\"async\" loading=\"lazy\" title=\"sem gl\u00faten3\" \/><\/div>\n\t\t<\/div>\n\t<\/div>\n<div class=\"separator  transparent\" style=\"margin-bottom: 10px;\"><\/div>\n\n\t<div class=\"wpb_text_column wpb_content_element\">\n\t\t<div class=\"wpb_wrapper\">\n\t\t\t<h3 style=\"text-align: center;\">Todos os nossos Waffles<\/h3>\n<p style=\"text-align: center;\">s\u00e3o <strong>sem gl\u00faten<\/strong>.<\/p>\n\n\t\t<\/div> \n\t<\/div> <div      class=\"vc_row wpb_row section vc_row-fluid vc_inner  vc_custom_1524386401434\" style=' text-align:left;'><div class=\"full_section_inner clearfix\"><div class=\"wpb_column vc_column_container vc_col-sm-2\"><div class=\"vc_column-inner\"><div class=\"wpb_wrapper\"><\/div><\/div><\/div><div class=\"wpb_column vc_column_container vc_col-sm-8\"><div class=\"vc_column-inner\"><div class=\"wpb_wrapper\">\t<div class=\"vc_empty_space\"  style=\"height: 30px\" ><span\n\t\t\tclass=\"vc_empty_space_inner\">\n\t\t\t<span class=\"empty_space_image\"  ><\/span>\n\t\t<\/span><\/div>\n\n\n\t<div class=\"wpb_text_column wpb_content_element\">\n\t\t<div class=\"wpb_wrapper\">\n\t\t\t<p style=\"text-align: center;\">Crocantes e macios, com a manteiga semi-salgada extra fina de Isigny e os bons ovos dos nossos criadores franceses, os nossos doces e salgados waffles s\u00e3o prazeres de que nunca se cansa!<\/p>\n<p style=\"text-align: center;\">Experimente os nossos copos em relevo, para o prazer dos olhos e do paladar!<\/p>\n\n\t\t<\/div> \n\t<\/div> <\/div><\/div><\/div><div class=\"wpb_column vc_column_container vc_col-sm-2\"><div class=\"vc_column-inner\"><div class=\"wpb_wrapper\"><\/div><\/div><\/div><\/div><\/div><\/div><\/div><\/div><\/div><\/div><div      class=\"vc_row wpb_row section vc_row-fluid\" style=' text-align:left;'><div class=\"full_section_inner clearfix\"><div class=\"wpb_animate_when_almost_visible wpb_slideInLeft slideInLeft wpb_column vc_column_container vc_col-sm-3\"><div class=\"vc_column-inner\"><div class=\"wpb_wrapper\"><div class=\"separator  transparent\" style=\"margin-bottom: 30px;\"><\/div>\n\n\t<div class=\"wpb_single_image wpb_content_element vc_align_left  vc_custom_1518608244781\">\n\t\t<div class=\"wpb_wrapper\">\n\t\t\t\n\t\t\t<div class=\"vc_single_image-wrapper   vc_box_border_grey\"><img width=\"500\" height=\"569\" src=\"https:\/\/www.lacremedeparis.com\/wp-content\/uploads\/2018\/02\/gaufre-sucree-la-creme-de-paris-3.jpg\" class=\"vc_single_image-img attachment-full\" alt=\"\" decoding=\"async\" loading=\"lazy\" title=\"waffle-sugar-creme-de-paris\" srcset=\"https:\/\/www.lacremedeparis.com\/wp-content\/uploads\/2018\/02\/gaufre-sucree-la-creme-de-paris-3.jpg 500w, https:\/\/www.lacremedeparis.com\/wp-content\/uploads\/2018\/02\/gaufre-sucree-la-creme-de-paris-3-264x300.jpg 264w\" sizes=\"(max-width: 500px) 100vw, 500px\" \/><\/div>\n\t\t<\/div>\n\t<\/div>\n<\/div><\/div><\/div><div class=\"wpb_column vc_column_container vc_col-sm-9\"><div class=\"vc_column-inner\"><div class=\"wpb_wrapper\"><div      class=\"vc_row wpb_row section vc_row-fluid vc_inner  vc_custom_1518607965832\" style=' text-align:left;'><div class=\"full_section_inner clearfix\"><div class=\"wpb_column vc_column_container vc_col-sm-8\"><div class=\"vc_column-inner\"><div class=\"wpb_wrapper\">\t<div class=\"vc_empty_space\"  style=\"height: 60px\" ><span\n\t\t\tclass=\"vc_empty_space_inner\">\n\t\t\t<span class=\"empty_space_image\"  ><\/span>\n\t\t<\/span><\/div>\n\n\n\t<div class=\"wpb_text_column wpb_content_element\">\n\t\t<div class=\"wpb_wrapper\">\n\t\t\t<h5 class=\" translation-block\">Feito de Farinha de Arroz<\/strong>.<\/h5>\n<p style=\"text-align: justify;\">O arroz \u00e9 o cereal mais cultivado no mundo depois do trigo e tem a particularidade de ser naturalmente livre de gl\u00faten e altamente diger\u00edvel. Conhecida na China h\u00e1 mais de 3000 anos, esta farinha \u00e9 a alternativa mais eficaz \u00e0 farinha de trigo.<\/p>\n\n\t\t<\/div> \n\t<\/div> \t<div class=\"vc_empty_space\"  style=\"height: 20px\" ><span\n\t\t\tclass=\"vc_empty_space_inner\">\n\t\t\t<span class=\"empty_space_image\"  ><\/span>\n\t\t<\/span><\/div>\n\n<\/div><\/div><\/div><div class=\"wpb_column vc_column_container vc_col-sm-4\"><div class=\"vc_column-inner\"><div class=\"wpb_wrapper\">\n\t<div class=\"wpb_single_image wpb_content_element vc_align_center\">\n\t\t<div class=\"wpb_wrapper\">\n\t\t\t\n\t\t\t<div class=\"vc_single_image-wrapper   vc_box_border_grey\"><img width=\"465\" height=\"383\" src=\"https:\/\/www.lacremedeparis.com\/wp-content\/uploads\/2018\/02\/farine-de-riz-la-creme-de-paris.jpg\" class=\"vc_single_image-img attachment-full\" alt=\"\" decoding=\"async\" loading=\"lazy\" title=\"farine-de-riz-la-creme-de-paris\" srcset=\"https:\/\/www.lacremedeparis.com\/wp-content\/uploads\/2018\/02\/farine-de-riz-la-creme-de-paris.jpg 465w, https:\/\/www.lacremedeparis.com\/wp-content\/uploads\/2018\/02\/farine-de-riz-la-creme-de-paris-300x247.jpg 300w\" sizes=\"(max-width: 465px) 100vw, 465px\" \/><\/div>\n\t\t<\/div>\n\t<\/div>\n<\/div><\/div><\/div><\/div><\/div><div      class=\"vc_row wpb_row section vc_row-fluid vc_inner  vc_custom_1518608065554\" style=' text-align:left;'><div class=\"full_section_inner clearfix\"><div class=\"wpb_column vc_column_container vc_col-sm-8\"><div class=\"vc_column-inner\"><div class=\"wpb_wrapper\">\t<div class=\"vc_empty_space\"  style=\"height: 40px\" ><span\n\t\t\tclass=\"vc_empty_space_inner\">\n\t\t\t<span class=\"empty_space_image\"  ><\/span>\n\t\t<\/span><\/div>\n\n\n\t<div class=\"wpb_text_column wpb_content_element\">\n\t\t<div class=\"wpb_wrapper\">\n\t\t\t<h5>e <strong>Farinha de milho<\/strong>.<\/h5>\n<p style=\"text-align: justify;\">O primeiro gr\u00e3o alimentar do mundo, origin\u00e1rio do M\u00e9xico e da Guatemala, utilizado na cozinha latino-americana como farinha para tacos, p\u00e3es, semolina, malte... Uma farinha pura, sem gl\u00faten e sem OGM que acrescenta crocante.<\/p>\n\n\t\t<\/div> \n\t<\/div> <\/div><\/div><\/div><div class=\"wpb_column vc_column_container vc_col-sm-4\"><div class=\"vc_column-inner\"><div class=\"wpb_wrapper\">\n\t<div class=\"wpb_single_image wpb_content_element vc_align_center\">\n\t\t<div class=\"wpb_wrapper\">\n\t\t\t\n\t\t\t<div class=\"vc_single_image-wrapper   vc_box_border_grey\"><img width=\"465\" height=\"383\" src=\"https:\/\/www.lacremedeparis.com\/wp-content\/uploads\/2018\/02\/farine-de-mais-la-creme-de-paris.jpg\" class=\"vc_single_image-img attachment-full\" alt=\"\" decoding=\"async\" loading=\"lazy\" title=\"farine-de-mais-la-creme-de-paris\" srcset=\"https:\/\/www.lacremedeparis.com\/wp-content\/uploads\/2018\/02\/farine-de-mais-la-creme-de-paris.jpg 465w, https:\/\/www.lacremedeparis.com\/wp-content\/uploads\/2018\/02\/farine-de-mais-la-creme-de-paris-300x247.jpg 300w\" sizes=\"(max-width: 465px) 100vw, 465px\" \/><\/div>\n\t\t<\/div>\n\t<\/div>\n<\/div><\/div><\/div><\/div><\/div><div class=\"separator  transparent\" style=\"margin-bottom: 10px;\"><\/div>\n<\/div><\/div><\/div><\/div><\/div><div      class=\"vc_row wpb_row section vc_row-fluid\" style=' text-align:left;'><div class=\"full_section_inner clearfix\"><div class=\"wpb_column vc_column_container vc_col-sm-12\"><div class=\"vc_column-inner\"><div class=\"wpb_wrapper\"><div      class=\"vc_row wpb_row section vc_row-fluid vc_inner\" style=' text-align:left;'><div class=\"full_section_inner clearfix\"><div class=\"wpb_column vc_column_container vc_col-sm-2\"><div class=\"vc_column-inner\"><div class=\"wpb_wrapper\"><\/div><\/div><\/div><div class=\"wpb_column vc_column_container vc_col-sm-8\"><div class=\"vc_column-inner\"><div class=\"wpb_wrapper\"><div class=\"separator  transparent\" style=\"margin-bottom: 60px;\"><\/div>\n\n\t<div class=\"wpb_single_image wpb_content_element vc_align_center\">\n\t\t<div class=\"wpb_wrapper\">\n\t\t\t\n\t\t\t<div class=\"vc_single_image-wrapper   vc_box_border_grey\"><img width=\"455\" height=\"186\" src=\"https:\/\/www.lacremedeparis.com\/wp-content\/uploads\/2018\/04\/sanslait-sansoeufs-sansgluten2.jpg\" class=\"vc_single_image-img attachment-full\" alt=\"\" decoding=\"async\" loading=\"lazy\" title=\"sem gl\u00faten de ovo livre de leite2\" srcset=\"https:\/\/www.lacremedeparis.com\/wp-content\/uploads\/2018\/04\/sanslait-sansoeufs-sansgluten2.jpg 455w, https:\/\/www.lacremedeparis.com\/wp-content\/uploads\/2018\/04\/sanslait-sansoeufs-sansgluten2-300x123.jpg 300w\" sizes=\"(max-width: 455px) 100vw, 455px\" \/><\/div>\n\t\t<\/div>\n\t<\/div>\n<\/div><\/div><\/div><div class=\"wpb_column vc_column_container vc_col-sm-2\"><div class=\"vc_column-inner\"><div class=\"wpb_wrapper\"><\/div><\/div><\/div><\/div><\/div><div class=\"separator  transparent\" style=\"margin-bottom: 20px;\"><\/div>\n\n\t<div class=\"wpb_text_column wpb_content_element\">\n\t\t<div class=\"wpb_wrapper\">\n\t\t\t<h3 style=\"text-align: center;\">As nossas panquecas de trigo sarraceno<\/h3>\n<p style=\"text-align: center;\">s\u00e3o certificados <strong>sem gl\u00faten<\/strong><\/p>\n<p style=\"text-align: center;\"><strong>sem ovo e sem lactose<\/strong>.<\/p>\n\n\t\t<\/div> \n\t<\/div> <div class=\"separator  transparent\" style=\"margin-bottom: 10px;\"><\/div>\n<\/div><\/div><\/div><\/div><\/div><div      class=\"vc_row wpb_row section vc_row-fluid\" style=' text-align:left;'><div class=\"full_section_inner clearfix\"><div class=\"wpb_column vc_column_container vc_col-sm-6\"><div class=\"vc_column-inner\"><div class=\"wpb_wrapper\">\t<div class=\"vc_empty_space\"  style=\"height: 20px\" ><span\n\t\t\tclass=\"vc_empty_space_inner\">\n\t\t\t<span class=\"empty_space_image\"  ><\/span>\n\t\t<\/span><\/div>\n\n<div      class=\"vc_row wpb_row section vc_row-fluid vc_inner\" style=' text-align:left;'><div class=\"full_section_inner clearfix\"><div class=\"wpb_column vc_column_container vc_col-sm-2\"><div class=\"vc_column-inner\"><div class=\"wpb_wrapper\"><\/div><\/div><\/div><div class=\"mobil-space wpb_column vc_column_container vc_col-sm-10\"><div class=\"vc_column-inner\"><div class=\"wpb_wrapper\">\n\t<div class=\"wpb_text_column wpb_content_element  vc_custom_1524729961286\">\n\t\t<div class=\"wpb_wrapper\">\n\t\t\t<h5>Feito de <strong>Farinha de trigo sarraceno org\u00e2nica<br \/>\n<\/strong><\/h5>\n<p style=\"text-align: justify;\">A nossa farinha de trigo sarraceno org\u00e2nica \u00e9 francesa, feita pela <span class=\"st\">moleiros artesanais de Rennes<\/span>. Tradicionalmente cultivado no Nepal, China e Sib\u00e9ria, o trigo sarraceno, chamado \"trigo preto\" pelo seu aparecimento, apareceu em Fran\u00e7a no s\u00e9culo XII, no regresso dos Cruzados. O trigo sarraceno n\u00e3o \u00e9 um cereal, \u00e9 uma semente. A sua farinha \u00e9 rica em fibras, prote\u00ednas, anti-oxidantes e sem gl\u00faten.<\/p>\n\n\t\t<\/div> \n\t<\/div> <div class=\"separator  transparent\" style=\"margin-bottom: 10px;\"><\/div>\n\n\t<div class=\"wpb_text_column wpb_content_element  vc_custom_1524729936768\">\n\t\t<div class=\"wpb_wrapper\">\n\t\t\t<p>O seu sabor r\u00fastico e ligeiramente a nozes, a sua textura derretida e estaladi\u00e7a, combinam maravilhosamente com as nossas composi\u00e7\u00f5es salgadas, acompanhadas por uma salada verde com sementes de ab\u00f3bora e pinh\u00f5es.<\/p>\n\n\t\t<\/div> \n\t<\/div> <\/div><\/div><\/div><\/div><\/div><div class=\"separator  transparent\" style=\"margin-bottom: 10px;\"><\/div>\n<div      class=\"vc_row wpb_row section vc_row-fluid vc_inner  vc_custom_1518621931351\" style=' text-align:left;'><div class=\"full_section_inner clearfix\"><div class=\"wpb_column vc_column_container vc_col-sm-3\"><div class=\"vc_column-inner\"><div class=\"wpb_wrapper\"><\/div><\/div><\/div><div class=\"wpb_column vc_column_container vc_col-sm-3\"><div class=\"vc_column-inner\"><div class=\"wpb_wrapper\"><\/div><\/div><\/div><div class=\"wpb_column vc_column_container vc_col-sm-6\"><div class=\"vc_column-inner\"><div class=\"wpb_wrapper\"><div class=\"separator  transparent\" style=\"margin-bottom: 30px;\"><\/div>\n\n\t<div class=\"wpb_single_image wpb_content_element vc_align_center\">\n\t\t<div class=\"wpb_wrapper\">\n\t\t\t\n\t\t\t<div class=\"vc_single_image-wrapper   vc_box_border_grey\"><img width=\"465\" height=\"383\" src=\"https:\/\/www.lacremedeparis.com\/wp-content\/uploads\/2018\/02\/farine-de-sarazin-la-creme-de-paris.jpg\" class=\"vc_single_image-img attachment-full\" alt=\"\" decoding=\"async\" loading=\"lazy\" title=\"farine-de-sarazin-la-creme-de-paris\" srcset=\"https:\/\/www.lacremedeparis.com\/wp-content\/uploads\/2018\/02\/farine-de-sarazin-la-creme-de-paris.jpg 465w, https:\/\/www.lacremedeparis.com\/wp-content\/uploads\/2018\/02\/farine-de-sarazin-la-creme-de-paris-300x247.jpg 300w\" sizes=\"(max-width: 465px) 100vw, 465px\" \/><\/div>\n\t\t<\/div>\n\t<\/div>\n<\/div><\/div><\/div><\/div><\/div><\/div><\/div><\/div><div class=\"wpb_animate_when_almost_visible wpb_slideInRight slideInRight wpb_column vc_column_container vc_col-sm-6\"><div class=\"vc_column-inner\"><div class=\"wpb_wrapper\">\n\t<div class=\"wpb_single_image wpb_content_element vc_align_right\">\n\t\t<div class=\"wpb_wrapper\">\n\t\t\t\n\t\t\t<div class=\"vc_single_image-wrapper   vc_box_border_grey\"><img width=\"700\" height=\"486\" src=\"https:\/\/www.lacremedeparis.com\/wp-content\/uploads\/2018\/02\/crepe-sarrasin-cutrightS.jpg\" class=\"vc_single_image-img attachment-full\" alt=\"\" decoding=\"async\" loading=\"lazy\" title=\"crepe-corte de trigo sarracenoS\" srcset=\"https:\/\/www.lacremedeparis.com\/wp-content\/uploads\/2018\/02\/crepe-sarrasin-cutrightS.jpg 700w, https:\/\/www.lacremedeparis.com\/wp-content\/uploads\/2018\/02\/crepe-sarrasin-cutrightS-300x208.jpg 300w\" sizes=\"(max-width: 700px) 100vw, 700px\" \/><\/div>\n\t\t<\/div>\n\t<\/div>\n<\/div><\/div><\/div><\/div><\/div><div      class=\"vc_row wpb_row section vc_row-fluid\" style=' text-align:left;'><div class=\"full_section_inner clearfix\"><div class=\"wpb_column vc_column_container vc_col-sm-12\"><div class=\"vc_column-inner\"><div class=\"wpb_wrapper\"><div class=\"separator  transparent\" style=\"margin-bottom: 40px;\"><\/div>\n<\/div><\/div><\/div><\/div><\/div><div      class=\"vc_row wpb_row section vc_row-fluid\" style=' text-align:left;'><div class=\"full_section_inner clearfix\"><div class=\"wpb_animate_when_almost_visible wpb_slideInLeft slideInLeft wpb_column vc_column_container vc_col-sm-4\"><div class=\"vc_column-inner\"><div class=\"wpb_wrapper\">\n\t<div class=\"wpb_single_image wpb_content_element vc_align_left\">\n\t\t<div class=\"wpb_wrapper\">\n\t\t\t\n\t\t\t<div class=\"vc_single_image-wrapper   vc_box_border_grey\"><img width=\"543\" height=\"538\" src=\"https:\/\/www.lacremedeparis.com\/wp-content\/uploads\/2018\/02\/crepe-la-creme-de-paris-left.jpg\" class=\"vc_single_image-img attachment-full\" alt=\"\" decoding=\"async\" loading=\"lazy\" title=\"crepe-la-creme-de-paris-esquerda\" srcset=\"https:\/\/www.lacremedeparis.com\/wp-content\/uploads\/2018\/02\/crepe-la-creme-de-paris-left.jpg 543w, https:\/\/www.lacremedeparis.com\/wp-content\/uploads\/2018\/02\/crepe-la-creme-de-paris-left-150x150.jpg 150w, https:\/\/www.lacremedeparis.com\/wp-content\/uploads\/2018\/02\/crepe-la-creme-de-paris-left-300x297.jpg 300w\" sizes=\"(max-width: 543px) 100vw, 543px\" \/><\/div>\n\t\t<\/div>\n\t<\/div>\n<\/div><\/div><\/div><div class=\"mobil-space wpb_column vc_column_container vc_col-sm-4\"><div class=\"vc_column-inner vc_custom_1524505307296\"><div class=\"wpb_wrapper\"><div class=\"separator  transparent\" style=\"margin-bottom: 40px;\"><\/div>\n\n\t<div class=\"wpb_text_column wpb_content_element\">\n\t\t<div class=\"wpb_wrapper\">\n\t\t\t<h3 style=\"text-align: center;\">Nossas Panquecas Tradicionais<\/h3>\n<p style=\"text-align: center;\">s\u00e3o <strong>ultra generoso e antiquado<\/strong>.<\/p>\n\n\t\t<\/div> \n\t<\/div> \t<div class=\"vc_empty_space\"  style=\"height: 30px\" ><span\n\t\t\tclass=\"vc_empty_space_inner\">\n\t\t\t<span class=\"empty_space_image\"  ><\/span>\n\t\t<\/span><\/div>\n\n\n\t<div class=\"wpb_text_column wpb_content_element\">\n\t\t<div class=\"wpb_wrapper\">\n\t\t\t<h5>Feito de <strong>Farinha de trigo<br \/>\n<\/strong><\/h5>\n<p>Aqui a panqueca \u00e9 grossa e generosa \u00e0 moda antiga!<\/p>\n<p style=\"text-align: justify;\">Muito saboroso, doce ou salgado, na hora ou para nos tirar o apetite glut\u00e3o, desde o mais simples recheio para puristas at\u00e9 o mais copioso para os maiores anseios!<\/p>\n\n\t\t<\/div> \n\t<\/div> <\/div><\/div><\/div><div class=\"wpb_animate_when_almost_visible wpb_slideInRight slideInRight wpb_column vc_column_container vc_col-sm-4\"><div class=\"vc_column-inner\"><div class=\"wpb_wrapper\"><div class=\"separator  transparent\" style=\"margin-bottom: 10px;\"><\/div>\n\n\t<div class=\"wpb_single_image wpb_content_element vc_align_right\">\n\t\t<div class=\"wpb_wrapper\">\n\t\t\t\n\t\t\t<div class=\"vc_single_image-wrapper   vc_box_border_grey\"><img width=\"600\" height=\"471\" src=\"https:\/\/www.lacremedeparis.com\/wp-content\/uploads\/2018\/02\/crepes-closeup-la-creme-de-paris.jpg\" class=\"vc_single_image-img attachment-full\" alt=\"\" decoding=\"async\" loading=\"lazy\" title=\"crepes-closeup-la-creme-de-paris\" srcset=\"https:\/\/www.lacremedeparis.com\/wp-content\/uploads\/2018\/02\/crepes-closeup-la-creme-de-paris.jpg 600w, https:\/\/www.lacremedeparis.com\/wp-content\/uploads\/2018\/02\/crepes-closeup-la-creme-de-paris-300x236.jpg 300w\" sizes=\"(max-width: 600px) 100vw, 600px\" \/><\/div>\n\t\t<\/div>\n\t<\/div>\n<\/div><\/div><\/div><\/div><\/div><div      class=\"vc_row wpb_row section vc_row-fluid\" style=' text-align:center;'><div class=\"full_section_inner clearfix\"><div class=\"icecream-resp wpb_column vc_column_container vc_col-sm-12\"><div class=\"vc_column-inner vc_custom_1520587007170\"><div class=\"wpb_wrapper\">\n\t<div class=\"wpb_single_image wpb_content_element vc_align_center   ice-hide\">\n\t\t<div class=\"wpb_wrapper\">\n\t\t\t\n\t\t\t<div class=\"vc_single_image-wrapper   vc_box_border_grey\"><img width=\"1200\" height=\"759\" src=\"https:\/\/www.lacremedeparis.com\/wp-content\/uploads\/2018\/03\/IceCreamCremedeparis-cup-cone.jpg\" class=\"vc_single_image-img attachment-full\" alt=\"\" decoding=\"async\" loading=\"lazy\" title=\"IceCreamCremedeparis-cup-cone\" srcset=\"https:\/\/www.lacremedeparis.com\/wp-content\/uploads\/2018\/03\/IceCreamCremedeparis-cup-cone.jpg 1200w, https:\/\/www.lacremedeparis.com\/wp-content\/uploads\/2018\/03\/IceCreamCremedeparis-cup-cone-300x190.jpg 300w, https:\/\/www.lacremedeparis.com\/wp-content\/uploads\/2018\/03\/IceCreamCremedeparis-cup-cone-768x486.jpg 768w, https:\/\/www.lacremedeparis.com\/wp-content\/uploads\/2018\/03\/IceCreamCremedeparis-cup-cone-1024x648.jpg 1024w, https:\/\/www.lacremedeparis.com\/wp-content\/uploads\/2018\/03\/IceCreamCremedeparis-cup-cone-700x443.jpg 700w\" sizes=\"(max-width: 1200px) 100vw, 1200px\" \/><\/div>\n\t\t<\/div>\n\t<\/div>\n\n\t<div class=\"wpb_single_image wpb_content_element vc_align_center   ice-show\">\n\t\t<div class=\"wpb_wrapper\">\n\t\t\t\n\t\t\t<div class=\"vc_single_image-wrapper   vc_box_border_grey\"><img width=\"800\" height=\"939\" src=\"https:\/\/www.lacremedeparis.com\/wp-content\/uploads\/2018\/04\/IceCreamCup-mobiles.jpg\" class=\"vc_single_image-img attachment-full\" alt=\"\" decoding=\"async\" loading=\"lazy\" title=\"IceCreamCup-mobiles\" srcset=\"https:\/\/www.lacremedeparis.com\/wp-content\/uploads\/2018\/04\/IceCreamCup-mobiles.jpg 800w, https:\/\/www.lacremedeparis.com\/wp-content\/uploads\/2018\/04\/IceCreamCup-mobiles-256x300.jpg 256w, https:\/\/www.lacremedeparis.com\/wp-content\/uploads\/2018\/04\/IceCreamCup-mobiles-768x901.jpg 768w, https:\/\/www.lacremedeparis.com\/wp-content\/uploads\/2018\/04\/IceCreamCup-mobiles-700x822.jpg 700w\" sizes=\"(max-width: 800px) 100vw, 800px\" \/><\/div>\n\t\t<\/div>\n\t<\/div>\n<div class=\"separator  transparent\" style=\"margin-bottom: 20px;\"><\/div>\n<\/div><\/div><\/div><\/div><\/div><div      class=\"vc_row wpb_row section vc_row-fluid  vc_custom_1524343366664\" style=' text-align:left;'><div class=\"full_section_inner clearfix\"><div class=\"wpb_column vc_column_container vc_col-sm-12\"><div class=\"vc_column-inner\"><div class=\"wpb_wrapper\">\n\t<div class=\"wpb_text_column wpb_content_element\">\n\t\t<div class=\"wpb_wrapper\">\n\t\t\t<h3 style=\"text-align: center;\">Nosso laborat\u00f3rio de sorvetes<\/h3>\n<p style=\"text-align: center;\">constitu\u00eddo <strong>no local sem corantes ou conservantes<\/strong>.<\/p>\n\n\t\t<\/div> \n\t<\/div> <div class=\"separator  transparent\" style=\"margin-bottom: 40px;\"><\/div>\n<div      class=\"vc_row wpb_row section vc_row-fluid vc_inner\" style=' text-align:left;'><div class=\"full_section_inner clearfix\"><div class=\"wpb_column vc_column_container vc_col-sm-3\"><div class=\"vc_column-inner\"><div class=\"wpb_wrapper\"><\/div><\/div><\/div><div class=\"wpb_column vc_column_container vc_col-sm-6\"><div class=\"vc_column-inner\"><div class=\"wpb_wrapper\">\n\t<div class=\"wpb_text_column wpb_content_element\">\n\t\t<div class=\"wpb_wrapper\">\n\t\t\t<h5 style=\"text-align: justify;\"><strong>Sorvetes e sorvetes caseiros<br \/>\n<\/strong><\/h5>\n<p style=\"text-align: ljustify;\">Em cones crocantes ou em colheres, nas suas panquecas e waffles, os nossos gelados, com os seus sabores naturais, podem ser apreciados em qualquer esta\u00e7\u00e3o do ano.<\/p>\n<div class=\"separator  transparent center\" style=\"margin-top: 10pxpx;\"><\/div>\n\n<p style=\"text-align: justify;\">Fazemos os nossos gelados caseiros com ingredientes ricos e de qualidade: 100% pist\u00e1cios sicilianos, avel\u00e3s de Piemonte, chocolate Valrhola, feij\u00e3o de baunilha puro...<\/p>\n<div class=\"separator  transparent center\" style=\"margin-top: 10pxpx;\"><\/div>\n\n<p style=\"text-align: justify;\">Os melhores ingredientes s\u00e3o escolhidos com paix\u00e3o para ir mais longe no sabor em nosso laborat\u00f3rio de sorvetes. As nossas natas batidas e pralinas tamb\u00e9m s\u00e3o 100% caseiras!<\/p>\n\n\t\t<\/div> \n\t<\/div> <div class=\"separator  transparent\" style=\"margin-bottom: 40px;\"><\/div>\n\n\t<div class=\"wpb_text_column wpb_content_element\">\n\t\t<div class=\"wpb_wrapper\">\n\t\t\t<h5 style=\"text-align: left;\"><strong>Batidos caseiros<br \/>\n<\/strong><\/h5>\n<p style=\"text-align: left;\">Os nossos batidos s\u00e3o feitos com bom leite integral franc\u00eas e gelado caseiro, sem adi\u00e7\u00e3o de gelo ou \u00e1gua. Grandes gostos at\u00e9 ao paladar!<\/p>\n\n\t\t<\/div> \n\t<\/div> <\/div><\/div><\/div><div class=\"wpb_column vc_column_container vc_col-sm-3\"><div class=\"vc_column-inner\"><div class=\"wpb_wrapper\"><\/div><\/div><\/div><\/div><\/div><div class=\"separator  transparent\" style=\"margin-bottom: 40px;\"><\/div>\n<\/div><\/div><\/div><\/div><\/div><div      class=\"vc_row wpb_row section vc_row-fluid\" style=' text-align:left;'><div class=\"full_section_inner clearfix\"><div class=\"wpb_column vc_column_container vc_col-sm-2\"><div class=\"vc_column-inner\"><div class=\"wpb_wrapper\">\n\t<div class=\"wpb_single_image wpb_content_element vc_align_center   hide-on-mobil\">\n\t\t<div class=\"wpb_wrapper\">\n\t\t\t\n\t\t\t<div class=\"vc_single_image-wrapper   vc_box_border_grey\"><img width=\"261\" height=\"318\" src=\"https:\/\/www.lacremedeparis.com\/wp-content\/uploads\/2018\/02\/ice-balls-vanilla.jpg\" class=\"vc_single_image-img attachment-full\" alt=\"\" decoding=\"async\" loading=\"lazy\" title=\"ice-balls-vanilla\" srcset=\"https:\/\/www.lacremedeparis.com\/wp-content\/uploads\/2018\/02\/ice-balls-vanilla.jpg 261w, https:\/\/www.lacremedeparis.com\/wp-content\/uploads\/2018\/02\/ice-balls-vanilla-246x300.jpg 246w\" sizes=\"(max-width: 261px) 100vw, 261px\" \/><\/div>\n\t\t<\/div>\n\t<\/div>\n<\/div><\/div><\/div><div class=\"wpb_column vc_column_container vc_col-sm-2\"><div class=\"vc_column-inner\"><div class=\"wpb_wrapper\">\n\t<div class=\"wpb_single_image wpb_content_element vc_align_center   hide-on-mobil\">\n\t\t<div class=\"wpb_wrapper\">\n\t\t\t\n\t\t\t<div class=\"vc_single_image-wrapper   vc_box_border_grey\"><img width=\"261\" height=\"318\" src=\"https:\/\/www.lacremedeparis.com\/wp-content\/uploads\/2018\/02\/ice-balls-cafe.jpg\" class=\"vc_single_image-img attachment-full\" alt=\"\" decoding=\"async\" loading=\"lazy\" title=\"ice-balls-cafe\" srcset=\"https:\/\/www.lacremedeparis.com\/wp-content\/uploads\/2018\/02\/ice-balls-cafe.jpg 261w, https:\/\/www.lacremedeparis.com\/wp-content\/uploads\/2018\/02\/ice-balls-cafe-246x300.jpg 246w\" sizes=\"(max-width: 261px) 100vw, 261px\" \/><\/div>\n\t\t<\/div>\n\t<\/div>\n<\/div><\/div><\/div><div class=\"wpb_column vc_column_container vc_col-sm-2\"><div class=\"vc_column-inner\"><div class=\"wpb_wrapper\">\n\t<div class=\"wpb_single_image wpb_content_element vc_align_center\">\n\t\t<div class=\"wpb_wrapper\">\n\t\t\t\n\t\t\t<div class=\"vc_single_image-wrapper   vc_box_border_grey\"><img width=\"261\" height=\"318\" src=\"https:\/\/www.lacremedeparis.com\/wp-content\/uploads\/2018\/02\/ice-balls-chocolat.jpg\" class=\"vc_single_image-img attachment-full\" alt=\"\" decoding=\"async\" loading=\"lazy\" title=\"bolas de gelo-chocolate\" srcset=\"https:\/\/www.lacremedeparis.com\/wp-content\/uploads\/2018\/02\/ice-balls-chocolat.jpg 261w, https:\/\/www.lacremedeparis.com\/wp-content\/uploads\/2018\/02\/ice-balls-chocolat-246x300.jpg 246w\" sizes=\"(max-width: 261px) 100vw, 261px\" \/><\/div>\n\t\t<\/div>\n\t<\/div>\n<\/div><\/div><\/div><div class=\"wpb_column vc_column_container vc_col-sm-2\"><div class=\"vc_column-inner\"><div class=\"wpb_wrapper\">\n\t<div class=\"wpb_single_image wpb_content_element vc_align_center\">\n\t\t<div class=\"wpb_wrapper\">\n\t\t\t\n\t\t\t<div class=\"vc_single_image-wrapper   vc_box_border_grey\"><img width=\"261\" height=\"318\" src=\"https:\/\/www.lacremedeparis.com\/wp-content\/uploads\/2018\/02\/ice-balls-citron.jpg\" class=\"vc_single_image-img attachment-full\" alt=\"\" decoding=\"async\" loading=\"lazy\" title=\"ice-balls-lemon\" srcset=\"https:\/\/www.lacremedeparis.com\/wp-content\/uploads\/2018\/02\/ice-balls-citron.jpg 261w, https:\/\/www.lacremedeparis.com\/wp-content\/uploads\/2018\/02\/ice-balls-citron-246x300.jpg 246w\" sizes=\"(max-width: 261px) 100vw, 261px\" \/><\/div>\n\t\t<\/div>\n\t<\/div>\n<\/div><\/div><\/div><div class=\"wpb_column vc_column_container vc_col-sm-2\"><div class=\"vc_column-inner\"><div class=\"wpb_wrapper\">\n\t<div class=\"wpb_single_image wpb_content_element vc_align_center\">\n\t\t<div class=\"wpb_wrapper\">\n\t\t\t\n\t\t\t<div class=\"vc_single_image-wrapper   vc_box_border_grey\"><img width=\"261\" height=\"318\" src=\"https:\/\/www.lacremedeparis.com\/wp-content\/uploads\/2018\/02\/ice-balls-fraise.jpg\" class=\"vc_single_image-img attachment-full\" alt=\"\" decoding=\"async\" loading=\"lazy\" title=\"atacante de bolas de gelo\" srcset=\"https:\/\/www.lacremedeparis.com\/wp-content\/uploads\/2018\/02\/ice-balls-fraise.jpg 261w, https:\/\/www.lacremedeparis.com\/wp-content\/uploads\/2018\/02\/ice-balls-fraise-246x300.jpg 246w\" sizes=\"(max-width: 261px) 100vw, 261px\" \/><\/div>\n\t\t<\/div>\n\t<\/div>\n<\/div><\/div><\/div><div class=\"wpb_column vc_column_container vc_col-sm-2\"><div class=\"vc_column-inner\"><div class=\"wpb_wrapper\">\n\t<div class=\"wpb_single_image wpb_content_element vc_align_center   hide-on-mobil\">\n\t\t<div class=\"wpb_wrapper\">\n\t\t\t\n\t\t\t<div class=\"vc_single_image-wrapper   vc_box_border_grey\"><img width=\"261\" height=\"318\" src=\"https:\/\/www.lacremedeparis.com\/wp-content\/uploads\/2018\/02\/ice-balls-framboise.jpg\" class=\"vc_single_image-img attachment-full\" alt=\"\" decoding=\"async\" loading=\"lazy\" title=\"Iceballs-raspberry\" srcset=\"https:\/\/www.lacremedeparis.com\/wp-content\/uploads\/2018\/02\/ice-balls-framboise.jpg 261w, https:\/\/www.lacremedeparis.com\/wp-content\/uploads\/2018\/02\/ice-balls-framboise-246x300.jpg 246w\" sizes=\"(max-width: 261px) 100vw, 261px\" \/><\/div>\n\t\t<\/div>\n\t<\/div>\n<\/div><\/div><\/div><\/div><\/div>\n<\/div>","protected":false},"excerpt":{"rendered":"Tudo \u00e9 feito em casa! Frutas e legumes frescos espremidos, saborosos gelados caseiros sem corantes nem conservantes. Receitas que combinam bom gosto e sa\u00fade! Legumes frescos preparados no local, os nossos legumes foram escolhidos para se encherem de vitaminas...","protected":false},"author":1,"featured_media":0,"parent":0,"menu_order":0,"comment_status":"closed","ping_status":"closed","template":"full_width.php","meta":[],"_links":{"self":[{"href":"https:\/\/www.lacremedeparis.com\/pt\/wp-json\/wp\/v2\/pages\/537"}],"collection":[{"href":"https:\/\/www.lacremedeparis.com\/pt\/wp-json\/wp\/v2\/pages"}],"about":[{"href":"https:\/\/www.lacremedeparis.com\/pt\/wp-json\/wp\/v2\/types\/page"}],"author":[{"embeddable":true,"href":"https:\/\/www.lacremedeparis.com\/pt\/wp-json\/wp\/v2\/users\/1"}],"replies":[{"embeddable":true,"href":"https:\/\/www.lacremedeparis.com\/pt\/wp-json\/wp\/v2\/comments?post=537"}],"version-history":[{"count":490,"href":"https:\/\/www.lacremedeparis.com\/pt\/wp-json\/wp\/v2\/pages\/537\/revisions"}],"predecessor-version":[{"id":2094,"href":"https:\/\/www.lacremedeparis.com\/pt\/wp-json\/wp\/v2\/pages\/537\/revisions\/2094"}],"wp:attachment":[{"href":"https:\/\/www.lacremedeparis.com\/pt\/wp-json\/wp\/v2\/media?parent=537"}],"curies":[{"name":"wp","href":"https:\/\/api.w.org\/{rel}","templated":true}]}}