{"id":537,"date":"2018-01-05T10:29:00","date_gmt":"2018-01-05T09:29:00","guid":{"rendered":"https:\/\/www.lacremedeparis.com\/?page_id=537"},"modified":"2021-10-20T17:05:09","modified_gmt":"2021-10-20T15:05:09","slug":"fait-maison","status":"publish","type":"page","link":"https:\/\/www.lacremedeparis.com\/es\/fait-maison\/","title":{"rendered":"Camino de casa"},"content":{"rendered":"<div class=\"wpb-content-wrapper\"><div      class=\"vc_row wpb_row section vc_row-fluid\" style=' text-align:left;'><div class=\"full_section_inner clearfix\"><div class=\"wpb_column vc_column_container vc_col-sm-12\"><div class=\"vc_column-inner\"><div class=\"wpb_wrapper\">\n\t<div class=\"wpb_single_image wpb_content_element vc_align_center   banner-top-ice\">\n\t\t<div class=\"wpb_wrapper\">\n\t\t\t\n\t\t\t<div class=\"vc_single_image-wrapper   vc_box_border_grey\"><img width=\"2000\" height=\"727\" src=\"https:\/\/www.lacremedeparis.com\/wp-content\/uploads\/2018\/05\/banniere-lacremedeparis-ES.jpg\" class=\"vc_single_image-img attachment-full\" alt=\"\" decoding=\"async\" loading=\"lazy\" title=\"banniere-lacremedeparis\" srcset=\"https:\/\/www.lacremedeparis.com\/wp-content\/uploads\/2018\/05\/banniere-lacremedeparis-ES.jpg 2000w, https:\/\/www.lacremedeparis.com\/wp-content\/uploads\/2018\/05\/banniere-lacremedeparis-ES-300x109.jpg 300w, https:\/\/www.lacremedeparis.com\/wp-content\/uploads\/2018\/05\/banniere-lacremedeparis-ES-768x279.jpg 768w, https:\/\/www.lacremedeparis.com\/wp-content\/uploads\/2018\/05\/banniere-lacremedeparis-ES-1024x372.jpg 1024w, https:\/\/www.lacremedeparis.com\/wp-content\/uploads\/2018\/05\/banniere-lacremedeparis-ES-700x254.jpg 700w\" sizes=\"(max-width: 2000px) 100vw, 2000px\" \/><\/div>\n\t\t<\/div>\n\t<\/div>\n<\/div><\/div><\/div><\/div><\/div><div      class=\"vc_row wpb_row section vc_row-fluid  disable_negative_margin\" style=' text-align:left;'><div class=\"full_section_inner clearfix\"><div class=\"wpb_column vc_column_container vc_col-sm-12\"><div class=\"vc_column-inner\"><div class=\"wpb_wrapper\">\n\t<div class=\"wpb_text_column wpb_content_element\">\n\t\t<div class=\"wpb_wrapper\">\n\t\t\t<h3 style=\"text-align: center;\">\u00a1Todo es casero!<\/h3>\n<p style=\"text-align: center;\">Frutas y verduras reci\u00e9n exprimidas, sabrosas creaciones heladas de la casa sin colorantes ni conservantes.<\/p>\n<p style=\"text-align: center;\">\u00a1Recetas que combinan gula y salud!<\/p>\n\n\t\t<\/div> \n\t<\/div> <div class=\"separator  transparent\" style=\"margin-top: 20px;\"><\/div>\n<div      class=\"vc_row wpb_row section vc_row-fluid vc_inner  vc_custom_1523703693900\" style=' text-align:left;'><div class=\"full_section_inner clearfix\"><div class=\"wpb_column vc_column_container vc_col-sm-4 vc_col-lg-offset-0 vc_col-md-offset-0 vc_col-sm-offset-0\"><div class=\"vc_column-inner\"><div class=\"wpb_wrapper\">\n\t<div class=\"wpb_single_image wpb_content_element vc_align_center\">\n\t\t<div class=\"wpb_wrapper\">\n\t\t\t\n\t\t\t<div class=\"vc_single_image-wrapper   vc_box_border_grey\"><img width=\"518\" height=\"547\" src=\"https:\/\/www.lacremedeparis.com\/wp-content\/uploads\/2018\/04\/decor-bocal-legumes-frais-o.png\" class=\"vc_single_image-img attachment-full\" alt=\"\" decoding=\"async\" loading=\"lazy\" title=\"decoraci\u00f3n-jarra-verduras-frescas-o\" srcset=\"https:\/\/www.lacremedeparis.com\/wp-content\/uploads\/2018\/04\/decor-bocal-legumes-frais-o.png 518w, https:\/\/www.lacremedeparis.com\/wp-content\/uploads\/2018\/04\/decor-bocal-legumes-frais-o-284x300.png 284w\" sizes=\"(max-width: 518px) 100vw, 518px\" \/><\/div>\n\t\t<\/div>\n\t<\/div>\n<div class=\"separator  transparent\" style=\"margin-top: 10px;\"><\/div>\n\n\t<div class=\"wpb_text_column wpb_content_element  vc_custom_1524383943538\">\n\t\t<div class=\"wpb_wrapper\">\n\t\t\t<h5 style=\"text-align: center;\">Vegetales frescos<\/h5>\n<p style=\"text-align: center;\">Preparadas en el lugar, nuestras verduras han sido elegidas para llenarse de vitaminas y equilibrar la glotoner\u00eda. \u00a1El plato favorito de j\u00f3venes y mayores a los que les resulta dif\u00edcil volverse ecol\u00f3gicos!<\/p>\n\n\t\t<\/div> \n\t<\/div> <\/div><\/div><\/div><div class=\"wpb_column vc_column_container vc_col-sm-4\"><div class=\"vc_column-inner\"><div class=\"wpb_wrapper\">\n\t<div class=\"wpb_single_image wpb_content_element vc_align_center  element_from_fade\">\n\t\t<div class=\"wpb_wrapper\">\n\t\t\t\n\t\t\t<div class=\"vc_single_image-wrapper   vc_box_border_grey\"><img width=\"259\" height=\"547\" src=\"https:\/\/www.lacremedeparis.com\/wp-content\/uploads\/2018\/02\/decor-pineapple-o.png\" class=\"vc_single_image-img attachment-full\" alt=\"\" decoding=\"async\" loading=\"lazy\" title=\"decoraci\u00f3n-pi\u00f1a-o\" srcset=\"https:\/\/www.lacremedeparis.com\/wp-content\/uploads\/2018\/02\/decor-pineapple-o.png 259w, https:\/\/www.lacremedeparis.com\/wp-content\/uploads\/2018\/02\/decor-pineapple-o-142x300.png 142w\" sizes=\"(max-width: 259px) 100vw, 259px\" \/><\/div>\n\t\t<\/div>\n\t<\/div>\n<\/div><\/div><\/div><div class=\"wpb_column vc_column_container vc_col-sm-4\"><div class=\"vc_column-inner\"><div class=\"wpb_wrapper\">\n\t<div class=\"wpb_single_image wpb_content_element vc_align_center\">\n\t\t<div class=\"wpb_wrapper\">\n\t\t\t\n\t\t\t<div class=\"vc_single_image-wrapper   vc_box_border_grey\"><img width=\"518\" height=\"547\" src=\"https:\/\/www.lacremedeparis.com\/wp-content\/uploads\/2018\/04\/decor-bocal-fruits-frais-o.png\" class=\"vc_single_image-img attachment-full\" alt=\"\" decoding=\"async\" loading=\"lazy\" title=\"decor-bocal-fruit-fresh-o\" srcset=\"https:\/\/www.lacremedeparis.com\/wp-content\/uploads\/2018\/04\/decor-bocal-fruits-frais-o.png 518w, https:\/\/www.lacremedeparis.com\/wp-content\/uploads\/2018\/04\/decor-bocal-fruits-frais-o-284x300.png 284w\" sizes=\"(max-width: 518px) 100vw, 518px\" \/><\/div>\n\t\t<\/div>\n\t<\/div>\n<div class=\"separator  transparent\" style=\"margin-top: 10px;\"><\/div>\n\n\t<div class=\"wpb_text_column wpb_content_element\">\n\t\t<div class=\"wpb_wrapper\">\n\t\t\t<h5 style=\"text-align: center;\">Fruta fresca<\/h5>\n<p style=\"text-align: center;\">Jugoso y sabroso,\u00a0<span class=\"s1\">de prisa, <\/span>nuestros jugos y curas vitam\u00ednicas te dan un tono incomparable. \u00a1Para cultivar la forma y aumentar tu brillo saludable! Nuestros deliciosos batidos est\u00e1n hechos con pur\u00e9 de frutas reci\u00e9n mezclado y helado casero.<\/p>\n\n\t\t<\/div> \n\t<\/div> <\/div><\/div><\/div><\/div><\/div><\/div><\/div><\/div><\/div><\/div><div      class=\"vc_row wpb_row section vc_row-fluid  vc_custom_1519410196252 disable_negative_margin\" style='background-color:#efefef; text-align:left;'><div class=\"full_section_inner clearfix\"><div class=\"wpb_column vc_column_container vc_col-sm-12\"><div class=\"vc_column-inner\"><div class=\"wpb_wrapper\"><div class=\"separator  transparent\" style=\"margin-top: 10px;\"><\/div>\n\n\t<div class=\"wpb_single_image wpb_content_element vc_align_center\">\n\t\t<div class=\"wpb_wrapper\">\n\t\t\t\n\t\t\t<div class=\"vc_single_image-wrapper   vc_box_border_grey\"><img width=\"165\" height=\"148\" src=\"https:\/\/www.lacremedeparis.com\/wp-content\/uploads\/2018\/04\/sansgluten3.jpg\" class=\"vc_single_image-img attachment-full\" alt=\"\" decoding=\"async\" loading=\"lazy\" title=\"sin gluten3\" \/><\/div>\n\t\t<\/div>\n\t<\/div>\n<div class=\"separator  transparent\" style=\"margin-bottom: 10px;\"><\/div>\n\n\t<div class=\"wpb_text_column wpb_content_element\">\n\t\t<div class=\"wpb_wrapper\">\n\t\t\t<h3 style=\"text-align: center;\">TODOS NUESTROS WAFFLES<\/h3>\n<p style=\"text-align: center;\">son <strong>libres de gluten<\/strong>.<\/p>\n\n\t\t<\/div> \n\t<\/div> <div      class=\"vc_row wpb_row section vc_row-fluid vc_inner  vc_custom_1524386401434\" style=' text-align:left;'><div class=\"full_section_inner clearfix\"><div class=\"wpb_column vc_column_container vc_col-sm-2\"><div class=\"vc_column-inner\"><div class=\"wpb_wrapper\"><\/div><\/div><\/div><div class=\"wpb_column vc_column_container vc_col-sm-8\"><div class=\"vc_column-inner\"><div class=\"wpb_wrapper\">\t<div class=\"vc_empty_space\"  style=\"height: 30px\" ><span\n\t\t\tclass=\"vc_empty_space_inner\">\n\t\t\t<span class=\"empty_space_image\"  ><\/span>\n\t\t<\/span><\/div>\n\n\n\t<div class=\"wpb_text_column wpb_content_element\">\n\t\t<div class=\"wpb_wrapper\">\n\t\t\t<p style=\"text-align: center;\">Crujientes y suaves, con mantequilla extrafina con media sal de Isigny y buenos huevos de gallina de nuestros criadores franceses, \u00a1nuestros gofres salados o dulces son placeres de los que nunca nos cansamos!<\/p>\n<p style=\"text-align: center;\">\u00a1Prueba nuestras gofres, para el placer de la vista y del paladar!<\/p>\n\n\t\t<\/div> \n\t<\/div> <\/div><\/div><\/div><div class=\"wpb_column vc_column_container vc_col-sm-2\"><div class=\"vc_column-inner\"><div class=\"wpb_wrapper\"><\/div><\/div><\/div><\/div><\/div><\/div><\/div><\/div><\/div><\/div><div      class=\"vc_row wpb_row section vc_row-fluid\" style=' text-align:left;'><div class=\"full_section_inner clearfix\"><div class=\"wpb_animate_when_almost_visible wpb_slideInLeft slideInLeft wpb_column vc_column_container vc_col-sm-3\"><div class=\"vc_column-inner\"><div class=\"wpb_wrapper\"><div class=\"separator  transparent\" style=\"margin-bottom: 30px;\"><\/div>\n\n\t<div class=\"wpb_single_image wpb_content_element vc_align_left  vc_custom_1518608244781\">\n\t\t<div class=\"wpb_wrapper\">\n\t\t\t\n\t\t\t<div class=\"vc_single_image-wrapper   vc_box_border_grey\"><img width=\"500\" height=\"569\" src=\"https:\/\/www.lacremedeparis.com\/wp-content\/uploads\/2018\/02\/gaufre-sucree-la-creme-de-paris-3.jpg\" class=\"vc_single_image-img attachment-full\" alt=\"\" decoding=\"async\" loading=\"lazy\" title=\"gofre-az\u00facar-crema-de-par\u00eds\" srcset=\"https:\/\/www.lacremedeparis.com\/wp-content\/uploads\/2018\/02\/gaufre-sucree-la-creme-de-paris-3.jpg 500w, https:\/\/www.lacremedeparis.com\/wp-content\/uploads\/2018\/02\/gaufre-sucree-la-creme-de-paris-3-264x300.jpg 264w\" sizes=\"(max-width: 500px) 100vw, 500px\" \/><\/div>\n\t\t<\/div>\n\t<\/div>\n<\/div><\/div><\/div><div class=\"wpb_column vc_column_container vc_col-sm-9\"><div class=\"vc_column-inner\"><div class=\"wpb_wrapper\"><div      class=\"vc_row wpb_row section vc_row-fluid vc_inner  vc_custom_1518607965832\" style=' text-align:left;'><div class=\"full_section_inner clearfix\"><div class=\"wpb_column vc_column_container vc_col-sm-8\"><div class=\"vc_column-inner\"><div class=\"wpb_wrapper\">\t<div class=\"vc_empty_space\"  style=\"height: 60px\" ><span\n\t\t\tclass=\"vc_empty_space_inner\">\n\t\t\t<span class=\"empty_space_image\"  ><\/span>\n\t\t<\/span><\/div>\n\n\n\t<div class=\"wpb_text_column wpb_content_element\">\n\t\t<div class=\"wpb_wrapper\">\n\t\t\t<h5 class=\" translation-block\">Hecho de harina de arroz<\/h5>\n<p style=\"text-align: justify;\">El cereal m\u00e1s cultivado en el mundo despu\u00e9s del trigo, el arroz tiene la particularidad de ser naturalmente libre de gluten y muy digerible. Conocida en China desde hace m\u00e1s de 3000 a\u00f1os, esta harina es la alternativa m\u00e1s eficaz a la harina de trigo.<\/p>\n\n\t\t<\/div> \n\t<\/div> \t<div class=\"vc_empty_space\"  style=\"height: 20px\" ><span\n\t\t\tclass=\"vc_empty_space_inner\">\n\t\t\t<span class=\"empty_space_image\"  ><\/span>\n\t\t<\/span><\/div>\n\n<\/div><\/div><\/div><div class=\"wpb_column vc_column_container vc_col-sm-4\"><div class=\"vc_column-inner\"><div class=\"wpb_wrapper\">\n\t<div class=\"wpb_single_image wpb_content_element vc_align_center\">\n\t\t<div class=\"wpb_wrapper\">\n\t\t\t\n\t\t\t<div class=\"vc_single_image-wrapper   vc_box_border_grey\"><img width=\"465\" height=\"383\" src=\"https:\/\/www.lacremedeparis.com\/wp-content\/uploads\/2018\/02\/farine-de-riz-la-creme-de-paris.jpg\" class=\"vc_single_image-img attachment-full\" alt=\"\" decoding=\"async\" loading=\"lazy\" title=\"farine-de-riz-la-creme-de-paris\" srcset=\"https:\/\/www.lacremedeparis.com\/wp-content\/uploads\/2018\/02\/farine-de-riz-la-creme-de-paris.jpg 465w, https:\/\/www.lacremedeparis.com\/wp-content\/uploads\/2018\/02\/farine-de-riz-la-creme-de-paris-300x247.jpg 300w\" sizes=\"(max-width: 465px) 100vw, 465px\" \/><\/div>\n\t\t<\/div>\n\t<\/div>\n<\/div><\/div><\/div><\/div><\/div><div      class=\"vc_row wpb_row section vc_row-fluid vc_inner  vc_custom_1518608065554\" style=' text-align:left;'><div class=\"full_section_inner clearfix\"><div class=\"wpb_column vc_column_container vc_col-sm-8\"><div class=\"vc_column-inner\"><div class=\"wpb_wrapper\">\t<div class=\"vc_empty_space\"  style=\"height: 40px\" ><span\n\t\t\tclass=\"vc_empty_space_inner\">\n\t\t\t<span class=\"empty_space_image\"  ><\/span>\n\t\t<\/span><\/div>\n\n\n\t<div class=\"wpb_text_column wpb_content_element\">\n\t\t<div class=\"wpb_wrapper\">\n\t\t\t<h5>y <strong>harina de ma\u00edz .<\/strong>.<\/h5>\n<p style=\"text-align: justify;\">Primer cereal nutritivo del mundo, originario de M\u00e9xico y Guatemala, utilizado en la cocina latinoamericana en forma de harina para tacos, panes, s\u00e9mola, malta\u2026 Una harina pura, sin gluten y sin transg\u00e9nicos, que aporta crocante.<\/p>\n\n\t\t<\/div> \n\t<\/div> <\/div><\/div><\/div><div class=\"wpb_column vc_column_container vc_col-sm-4\"><div class=\"vc_column-inner\"><div class=\"wpb_wrapper\">\n\t<div class=\"wpb_single_image wpb_content_element vc_align_center\">\n\t\t<div class=\"wpb_wrapper\">\n\t\t\t\n\t\t\t<div class=\"vc_single_image-wrapper   vc_box_border_grey\"><img width=\"465\" height=\"383\" src=\"https:\/\/www.lacremedeparis.com\/wp-content\/uploads\/2018\/02\/farine-de-mais-la-creme-de-paris.jpg\" class=\"vc_single_image-img attachment-full\" alt=\"\" decoding=\"async\" loading=\"lazy\" title=\"farine-de-mais-la-creme-de-paris\" srcset=\"https:\/\/www.lacremedeparis.com\/wp-content\/uploads\/2018\/02\/farine-de-mais-la-creme-de-paris.jpg 465w, https:\/\/www.lacremedeparis.com\/wp-content\/uploads\/2018\/02\/farine-de-mais-la-creme-de-paris-300x247.jpg 300w\" sizes=\"(max-width: 465px) 100vw, 465px\" \/><\/div>\n\t\t<\/div>\n\t<\/div>\n<\/div><\/div><\/div><\/div><\/div><div class=\"separator  transparent\" style=\"margin-bottom: 10px;\"><\/div>\n<\/div><\/div><\/div><\/div><\/div><div      class=\"vc_row wpb_row section vc_row-fluid\" style=' text-align:left;'><div class=\"full_section_inner clearfix\"><div class=\"wpb_column vc_column_container vc_col-sm-12\"><div class=\"vc_column-inner\"><div class=\"wpb_wrapper\"><div      class=\"vc_row wpb_row section vc_row-fluid vc_inner\" style=' text-align:left;'><div class=\"full_section_inner clearfix\"><div class=\"wpb_column vc_column_container vc_col-sm-2\"><div class=\"vc_column-inner\"><div class=\"wpb_wrapper\"><\/div><\/div><\/div><div class=\"wpb_column vc_column_container vc_col-sm-8\"><div class=\"vc_column-inner\"><div class=\"wpb_wrapper\"><div class=\"separator  transparent\" style=\"margin-bottom: 60px;\"><\/div>\n\n\t<div class=\"wpb_single_image wpb_content_element vc_align_center\">\n\t\t<div class=\"wpb_wrapper\">\n\t\t\t\n\t\t\t<div class=\"vc_single_image-wrapper   vc_box_border_grey\"><img width=\"455\" height=\"186\" src=\"https:\/\/www.lacremedeparis.com\/wp-content\/uploads\/2018\/04\/sanslait-sansoeufs-sansgluten2.jpg\" class=\"vc_single_image-img attachment-full\" alt=\"\" decoding=\"async\" loading=\"lazy\" title=\"sin leche-sin huevo-sin gluten2\" srcset=\"https:\/\/www.lacremedeparis.com\/wp-content\/uploads\/2018\/04\/sanslait-sansoeufs-sansgluten2.jpg 455w, https:\/\/www.lacremedeparis.com\/wp-content\/uploads\/2018\/04\/sanslait-sansoeufs-sansgluten2-300x123.jpg 300w\" sizes=\"(max-width: 455px) 100vw, 455px\" \/><\/div>\n\t\t<\/div>\n\t<\/div>\n<\/div><\/div><\/div><div class=\"wpb_column vc_column_container vc_col-sm-2\"><div class=\"vc_column-inner\"><div class=\"wpb_wrapper\"><\/div><\/div><\/div><\/div><\/div><div class=\"separator  transparent\" style=\"margin-bottom: 20px;\"><\/div>\n\n\t<div class=\"wpb_text_column wpb_content_element\">\n\t\t<div class=\"wpb_wrapper\">\n\t\t\t<h3 style=\"text-align: center;\">NUESTRAS TORTITAS DE TRIGO SARRACENO<\/h3>\n<p style=\"text-align: center;\">est\u00e1n certificados <strong>libres de gluten<\/strong><\/p>\n<p style=\"text-align: center;\"><strong>sin huevo y sin lactosa .<\/strong>.<\/p>\n\n\t\t<\/div> \n\t<\/div> <div class=\"separator  transparent\" style=\"margin-bottom: 10px;\"><\/div>\n<\/div><\/div><\/div><\/div><\/div><div      class=\"vc_row wpb_row section vc_row-fluid\" style=' text-align:left;'><div class=\"full_section_inner clearfix\"><div class=\"wpb_column vc_column_container vc_col-sm-6\"><div class=\"vc_column-inner\"><div class=\"wpb_wrapper\">\t<div class=\"vc_empty_space\"  style=\"height: 20px\" ><span\n\t\t\tclass=\"vc_empty_space_inner\">\n\t\t\t<span class=\"empty_space_image\"  ><\/span>\n\t\t<\/span><\/div>\n\n<div      class=\"vc_row wpb_row section vc_row-fluid vc_inner\" style=' text-align:left;'><div class=\"full_section_inner clearfix\"><div class=\"wpb_column vc_column_container vc_col-sm-2\"><div class=\"vc_column-inner\"><div class=\"wpb_wrapper\"><\/div><\/div><\/div><div class=\"mobil-space wpb_column vc_column_container vc_col-sm-10\"><div class=\"vc_column-inner\"><div class=\"wpb_wrapper\">\n\t<div class=\"wpb_text_column wpb_content_element  vc_custom_1524729961286\">\n\t\t<div class=\"wpb_wrapper\">\n\t\t\t<h5>Hecho de <strong>harina de trigo sarraceno org\u00e1nico<br \/>\n<\/strong><\/h5>\n<p style=\"text-align: justify;\">Nuestra harina de trigo sarraceno ecol\u00f3gica es francesa, elaborada por <span class=\"st\">molineros artesanos en Rennes .<\/span>Cultivado tradicionalmente en Nepal, China y Siberia, el trigo sarraceno, llamado \"trigo sarraceno\" por su apariencia, apareci\u00f3 en Francia en el siglo XII despu\u00e9s del regreso de los cruzados. El trigo sarraceno no es un cereal, es una semilla. Su harina es rica en fibra, prote\u00ednas, antioxidantes y sin gluten.<\/p>\n\n\t\t<\/div> \n\t<\/div> <div class=\"separator  transparent\" style=\"margin-bottom: 10px;\"><\/div>\n\n\t<div class=\"wpb_text_column wpb_content_element  vc_custom_1524729936768\">\n\t\t<div class=\"wpb_wrapper\">\n\t\t\t<p>Su sabor r\u00fastico y ligeramente a nuez, su textura a la vez fundente y crujiente, van de maravilla con nuestras sabrosas composiciones, acompa\u00f1adas de ensalada verde con pipas de calabaza y pi\u00f1ones.<\/p>\n\n\t\t<\/div> \n\t<\/div> <\/div><\/div><\/div><\/div><\/div><div class=\"separator  transparent\" style=\"margin-bottom: 10px;\"><\/div>\n<div      class=\"vc_row wpb_row section vc_row-fluid vc_inner  vc_custom_1518621931351\" style=' text-align:left;'><div class=\"full_section_inner clearfix\"><div class=\"wpb_column vc_column_container vc_col-sm-3\"><div class=\"vc_column-inner\"><div class=\"wpb_wrapper\"><\/div><\/div><\/div><div class=\"wpb_column vc_column_container vc_col-sm-3\"><div class=\"vc_column-inner\"><div class=\"wpb_wrapper\"><\/div><\/div><\/div><div class=\"wpb_column vc_column_container vc_col-sm-6\"><div class=\"vc_column-inner\"><div class=\"wpb_wrapper\"><div class=\"separator  transparent\" style=\"margin-bottom: 30px;\"><\/div>\n\n\t<div class=\"wpb_single_image wpb_content_element vc_align_center\">\n\t\t<div class=\"wpb_wrapper\">\n\t\t\t\n\t\t\t<div class=\"vc_single_image-wrapper   vc_box_border_grey\"><img width=\"465\" height=\"383\" src=\"https:\/\/www.lacremedeparis.com\/wp-content\/uploads\/2018\/02\/farine-de-sarazin-la-creme-de-paris.jpg\" class=\"vc_single_image-img attachment-full\" alt=\"\" decoding=\"async\" loading=\"lazy\" title=\"farine-de-sarazin-la-creme-de-paris\" srcset=\"https:\/\/www.lacremedeparis.com\/wp-content\/uploads\/2018\/02\/farine-de-sarazin-la-creme-de-paris.jpg 465w, https:\/\/www.lacremedeparis.com\/wp-content\/uploads\/2018\/02\/farine-de-sarazin-la-creme-de-paris-300x247.jpg 300w\" sizes=\"(max-width: 465px) 100vw, 465px\" \/><\/div>\n\t\t<\/div>\n\t<\/div>\n<\/div><\/div><\/div><\/div><\/div><\/div><\/div><\/div><div class=\"wpb_animate_when_almost_visible wpb_slideInRight slideInRight wpb_column vc_column_container vc_col-sm-6\"><div class=\"vc_column-inner\"><div class=\"wpb_wrapper\">\n\t<div class=\"wpb_single_image wpb_content_element vc_align_right\">\n\t\t<div class=\"wpb_wrapper\">\n\t\t\t\n\t\t\t<div class=\"vc_single_image-wrapper   vc_box_border_grey\"><img width=\"700\" height=\"486\" src=\"https:\/\/www.lacremedeparis.com\/wp-content\/uploads\/2018\/02\/crepe-sarrasin-cutrightS.jpg\" class=\"vc_single_image-img attachment-full\" alt=\"\" decoding=\"async\" loading=\"lazy\" title=\"crepe de trigo sarraceno-cutrightS\" srcset=\"https:\/\/www.lacremedeparis.com\/wp-content\/uploads\/2018\/02\/crepe-sarrasin-cutrightS.jpg 700w, https:\/\/www.lacremedeparis.com\/wp-content\/uploads\/2018\/02\/crepe-sarrasin-cutrightS-300x208.jpg 300w\" sizes=\"(max-width: 700px) 100vw, 700px\" \/><\/div>\n\t\t<\/div>\n\t<\/div>\n<\/div><\/div><\/div><\/div><\/div><div      class=\"vc_row wpb_row section vc_row-fluid\" style=' text-align:left;'><div class=\"full_section_inner clearfix\"><div class=\"wpb_column vc_column_container vc_col-sm-12\"><div class=\"vc_column-inner\"><div class=\"wpb_wrapper\"><div class=\"separator  transparent\" style=\"margin-bottom: 40px;\"><\/div>\n<\/div><\/div><\/div><\/div><\/div><div      class=\"vc_row wpb_row section vc_row-fluid\" style=' text-align:left;'><div class=\"full_section_inner clearfix\"><div class=\"wpb_animate_when_almost_visible wpb_slideInLeft slideInLeft wpb_column vc_column_container vc_col-sm-4\"><div class=\"vc_column-inner\"><div class=\"wpb_wrapper\">\n\t<div class=\"wpb_single_image wpb_content_element vc_align_left\">\n\t\t<div class=\"wpb_wrapper\">\n\t\t\t\n\t\t\t<div class=\"vc_single_image-wrapper   vc_box_border_grey\"><img width=\"543\" height=\"538\" src=\"https:\/\/www.lacremedeparis.com\/wp-content\/uploads\/2018\/02\/crepe-la-creme-de-paris-left.jpg\" class=\"vc_single_image-img attachment-full\" alt=\"\" decoding=\"async\" loading=\"lazy\" title=\"crepe-la-creme-de-paris-left\" srcset=\"https:\/\/www.lacremedeparis.com\/wp-content\/uploads\/2018\/02\/crepe-la-creme-de-paris-left.jpg 543w, https:\/\/www.lacremedeparis.com\/wp-content\/uploads\/2018\/02\/crepe-la-creme-de-paris-left-150x150.jpg 150w, https:\/\/www.lacremedeparis.com\/wp-content\/uploads\/2018\/02\/crepe-la-creme-de-paris-left-300x297.jpg 300w\" sizes=\"(max-width: 543px) 100vw, 543px\" \/><\/div>\n\t\t<\/div>\n\t<\/div>\n<\/div><\/div><\/div><div class=\"mobil-space wpb_column vc_column_container vc_col-sm-4\"><div class=\"vc_column-inner vc_custom_1524505307296\"><div class=\"wpb_wrapper\"><div class=\"separator  transparent\" style=\"margin-bottom: 40px;\"><\/div>\n\n\t<div class=\"wpb_text_column wpb_content_element\">\n\t\t<div class=\"wpb_wrapper\">\n\t\t\t<h3 style=\"text-align: center;\">NUESTRAS TORTITAS TRADICIONALES<\/h3>\n<p style=\"text-align: center;\">son <strong>ultra generosos y anticuados .<\/strong>.<\/p>\n\n\t\t<\/div> \n\t<\/div> \t<div class=\"vc_empty_space\"  style=\"height: 30px\" ><span\n\t\t\tclass=\"vc_empty_space_inner\">\n\t\t\t<span class=\"empty_space_image\"  ><\/span>\n\t\t<\/span><\/div>\n\n\n\t<div class=\"wpb_text_column wpb_content_element\">\n\t\t<div class=\"wpb_wrapper\">\n\t\t\t<h5>Hecho de <strong>harina de trigo<br \/>\n<\/strong><\/h5>\n<p>\u00a1Aqu\u00ed el panqueque es grueso y generoso a la antigua!<\/p>\n<p style=\"text-align: justify;\">Muy goloso, sabroso, dulce o salado, en el acto o para llevar, deleita nuestro apetito goloso desde la guarnici\u00f3n m\u00e1s simple para los puristas hasta la m\u00e1s generosa para los antojos m\u00e1s profundos.<\/p>\n\n\t\t<\/div> \n\t<\/div> <\/div><\/div><\/div><div class=\"wpb_animate_when_almost_visible wpb_slideInRight slideInRight wpb_column vc_column_container vc_col-sm-4\"><div class=\"vc_column-inner\"><div class=\"wpb_wrapper\"><div class=\"separator  transparent\" style=\"margin-bottom: 10px;\"><\/div>\n\n\t<div class=\"wpb_single_image wpb_content_element vc_align_right\">\n\t\t<div class=\"wpb_wrapper\">\n\t\t\t\n\t\t\t<div class=\"vc_single_image-wrapper   vc_box_border_grey\"><img width=\"600\" height=\"471\" src=\"https:\/\/www.lacremedeparis.com\/wp-content\/uploads\/2018\/02\/crepes-closeup-la-creme-de-paris.jpg\" class=\"vc_single_image-img attachment-full\" alt=\"\" decoding=\"async\" loading=\"lazy\" title=\"crepes-closeup-la-creme-de-paris\" srcset=\"https:\/\/www.lacremedeparis.com\/wp-content\/uploads\/2018\/02\/crepes-closeup-la-creme-de-paris.jpg 600w, https:\/\/www.lacremedeparis.com\/wp-content\/uploads\/2018\/02\/crepes-closeup-la-creme-de-paris-300x236.jpg 300w\" sizes=\"(max-width: 600px) 100vw, 600px\" \/><\/div>\n\t\t<\/div>\n\t<\/div>\n<\/div><\/div><\/div><\/div><\/div><div      class=\"vc_row wpb_row section vc_row-fluid\" style=' text-align:center;'><div class=\"full_section_inner clearfix\"><div class=\"icecream-resp wpb_column vc_column_container vc_col-sm-12\"><div class=\"vc_column-inner vc_custom_1520587007170\"><div class=\"wpb_wrapper\">\n\t<div class=\"wpb_single_image wpb_content_element vc_align_center   ice-hide\">\n\t\t<div class=\"wpb_wrapper\">\n\t\t\t\n\t\t\t<div class=\"vc_single_image-wrapper   vc_box_border_grey\"><img width=\"1200\" height=\"759\" src=\"https:\/\/www.lacremedeparis.com\/wp-content\/uploads\/2018\/05\/Cremedeparis-helado-ES.jpg\" class=\"vc_single_image-img attachment-full\" alt=\"\" decoding=\"async\" loading=\"lazy\" title=\"HeladoCremedeparis-cono\" srcset=\"https:\/\/www.lacremedeparis.com\/wp-content\/uploads\/2018\/05\/Cremedeparis-helado-ES.jpg 1200w, https:\/\/www.lacremedeparis.com\/wp-content\/uploads\/2018\/05\/Cremedeparis-helado-ES-300x190.jpg 300w, https:\/\/www.lacremedeparis.com\/wp-content\/uploads\/2018\/05\/Cremedeparis-helado-ES-768x486.jpg 768w, https:\/\/www.lacremedeparis.com\/wp-content\/uploads\/2018\/05\/Cremedeparis-helado-ES-1024x648.jpg 1024w, https:\/\/www.lacremedeparis.com\/wp-content\/uploads\/2018\/05\/Cremedeparis-helado-ES-700x443.jpg 700w\" sizes=\"(max-width: 1200px) 100vw, 1200px\" \/><\/div>\n\t\t<\/div>\n\t<\/div>\n\n\t<div class=\"wpb_single_image wpb_content_element vc_align_center   ice-show\">\n\t\t<div class=\"wpb_wrapper\">\n\t\t\t\n\t\t\t<div class=\"vc_single_image-wrapper   vc_box_border_grey\"><img width=\"800\" height=\"939\" src=\"https:\/\/www.lacremedeparis.com\/wp-content\/uploads\/2018\/04\/IceCreamCup-mobiles.jpg\" class=\"vc_single_image-img attachment-full\" alt=\"\" decoding=\"async\" loading=\"lazy\" title=\"Helados-m\u00f3viles\" srcset=\"https:\/\/www.lacremedeparis.com\/wp-content\/uploads\/2018\/04\/IceCreamCup-mobiles.jpg 800w, https:\/\/www.lacremedeparis.com\/wp-content\/uploads\/2018\/04\/IceCreamCup-mobiles-256x300.jpg 256w, https:\/\/www.lacremedeparis.com\/wp-content\/uploads\/2018\/04\/IceCreamCup-mobiles-768x901.jpg 768w, https:\/\/www.lacremedeparis.com\/wp-content\/uploads\/2018\/04\/IceCreamCup-mobiles-700x822.jpg 700w\" sizes=\"(max-width: 800px) 100vw, 800px\" \/><\/div>\n\t\t<\/div>\n\t<\/div>\n<div class=\"separator  transparent\" style=\"margin-bottom: 20px;\"><\/div>\n<\/div><\/div><\/div><\/div><\/div><div      class=\"vc_row wpb_row section vc_row-fluid  vc_custom_1524343366664\" style=' text-align:left;'><div class=\"full_section_inner clearfix\"><div class=\"wpb_column vc_column_container vc_col-sm-12\"><div class=\"vc_column-inner\"><div class=\"wpb_wrapper\">\n\t<div class=\"wpb_text_column wpb_content_element\">\n\t\t<div class=\"wpb_wrapper\">\n\t\t\t<h3 style=\"text-align: center;\">NUESTRO LABORATORIO DE HELADOS<\/h3>\n<p style=\"text-align: center;\">Elaborado <strong>in situ sin colorantes ni conservantes .<\/strong>.<\/p>\n\n\t\t<\/div> \n\t<\/div> <div class=\"separator  transparent\" style=\"margin-bottom: 40px;\"><\/div>\n<div      class=\"vc_row wpb_row section vc_row-fluid vc_inner\" style=' text-align:left;'><div class=\"full_section_inner clearfix\"><div class=\"wpb_column vc_column_container vc_col-sm-3\"><div class=\"vc_column-inner\"><div class=\"wpb_wrapper\"><\/div><\/div><\/div><div class=\"wpb_column vc_column_container vc_col-sm-6\"><div class=\"vc_column-inner\"><div class=\"wpb_wrapper\">\n\t<div class=\"wpb_text_column wpb_content_element\">\n\t\t<div class=\"wpb_wrapper\">\n\t\t\t<h5 style=\"text-align: justify;\"><strong>Helados y sorbetes caseros<br \/>\n<\/strong><\/h5>\n<p style=\"text-align: ljustify;\">En conos crujientes o bola, en tus tortitas y waffles, nuestros helados, con sabores naturales, se pueden disfrutar en cualquier \u00e9poca del a\u00f1o.<\/p>\n<div class=\"separator  transparent center\" style=\"margin-top: 10pxpx;\"><\/div>\n\n<p style=\"text-align: justify;\">Desarrollamos nuestros helados caseros con ingredientes ricos en sabor y calidad: pistachos 100% sicilianos, avellanas del Piamonte, chocolate Valrhola, vainas de vainilla pura ...<\/p>\n<div class=\"separator  transparent center\" style=\"margin-top: 10pxpx;\"><\/div>\n\n<p style=\"text-align: justify;\">Los mejores ingredientes son elegidos con pasi\u00f3n para ir siempre m\u00e1s all\u00e1 en el sabor en nuestro laboratorio de helados. \u00a1Nuestra nata montada y nuestro pralin\u00e9 tambi\u00e9n son 100% caseros!<\/p>\n\n\t\t<\/div> \n\t<\/div> <div class=\"separator  transparent\" style=\"margin-bottom: 40px;\"><\/div>\n\n\t<div class=\"wpb_text_column wpb_content_element\">\n\t\t<div class=\"wpb_wrapper\">\n\t\t\t<h5 style=\"text-align: left;\"><strong>Batidos caseros<br \/>\n<\/strong><\/h5>\n<p style=\"text-align: left;\">Nuestros batidos est\u00e1n elaborados con buena leche entera francesa y helado casero, sin a\u00f1adir cubitos de hielo ni agua. \u00a1Sabores estimulantes para las puntas de tu paladar!<\/p>\n\n\t\t<\/div> \n\t<\/div> <\/div><\/div><\/div><div class=\"wpb_column vc_column_container vc_col-sm-3\"><div class=\"vc_column-inner\"><div class=\"wpb_wrapper\"><\/div><\/div><\/div><\/div><\/div><div class=\"separator  transparent\" style=\"margin-bottom: 40px;\"><\/div>\n<\/div><\/div><\/div><\/div><\/div><div      class=\"vc_row wpb_row section vc_row-fluid\" style=' text-align:left;'><div class=\"full_section_inner clearfix\"><div class=\"wpb_column vc_column_container vc_col-sm-2\"><div class=\"vc_column-inner\"><div class=\"wpb_wrapper\">\n\t<div class=\"wpb_single_image wpb_content_element vc_align_center   hide-on-mobil\">\n\t\t<div class=\"wpb_wrapper\">\n\t\t\t\n\t\t\t<div class=\"vc_single_image-wrapper   vc_box_border_grey\"><img width=\"261\" height=\"318\" src=\"https:\/\/www.lacremedeparis.com\/wp-content\/uploads\/2018\/02\/ice-balls-vanilla.jpg\" class=\"vc_single_image-img attachment-full\" alt=\"\" decoding=\"async\" loading=\"lazy\" title=\"bolas de hielo-vainilla\" srcset=\"https:\/\/www.lacremedeparis.com\/wp-content\/uploads\/2018\/02\/ice-balls-vanilla.jpg 261w, https:\/\/www.lacremedeparis.com\/wp-content\/uploads\/2018\/02\/ice-balls-vanilla-246x300.jpg 246w\" sizes=\"(max-width: 261px) 100vw, 261px\" \/><\/div>\n\t\t<\/div>\n\t<\/div>\n<\/div><\/div><\/div><div class=\"wpb_column vc_column_container vc_col-sm-2\"><div class=\"vc_column-inner\"><div class=\"wpb_wrapper\">\n\t<div class=\"wpb_single_image wpb_content_element vc_align_center   hide-on-mobil\">\n\t\t<div class=\"wpb_wrapper\">\n\t\t\t\n\t\t\t<div class=\"vc_single_image-wrapper   vc_box_border_grey\"><img width=\"261\" height=\"318\" src=\"https:\/\/www.lacremedeparis.com\/wp-content\/uploads\/2018\/02\/ice-balls-cafe.jpg\" class=\"vc_single_image-img attachment-full\" alt=\"\" decoding=\"async\" loading=\"lazy\" title=\"ice-balls-cafe\" srcset=\"https:\/\/www.lacremedeparis.com\/wp-content\/uploads\/2018\/02\/ice-balls-cafe.jpg 261w, https:\/\/www.lacremedeparis.com\/wp-content\/uploads\/2018\/02\/ice-balls-cafe-246x300.jpg 246w\" sizes=\"(max-width: 261px) 100vw, 261px\" \/><\/div>\n\t\t<\/div>\n\t<\/div>\n<\/div><\/div><\/div><div class=\"wpb_column vc_column_container vc_col-sm-2\"><div class=\"vc_column-inner\"><div class=\"wpb_wrapper\">\n\t<div class=\"wpb_single_image wpb_content_element vc_align_center\">\n\t\t<div class=\"wpb_wrapper\">\n\t\t\t\n\t\t\t<div class=\"vc_single_image-wrapper   vc_box_border_grey\"><img width=\"261\" height=\"318\" src=\"https:\/\/www.lacremedeparis.com\/wp-content\/uploads\/2018\/02\/ice-balls-chocolat.jpg\" class=\"vc_single_image-img attachment-full\" alt=\"\" decoding=\"async\" loading=\"lazy\" title=\"bolas de hielo-chocolate\" srcset=\"https:\/\/www.lacremedeparis.com\/wp-content\/uploads\/2018\/02\/ice-balls-chocolat.jpg 261w, https:\/\/www.lacremedeparis.com\/wp-content\/uploads\/2018\/02\/ice-balls-chocolat-246x300.jpg 246w\" sizes=\"(max-width: 261px) 100vw, 261px\" \/><\/div>\n\t\t<\/div>\n\t<\/div>\n<\/div><\/div><\/div><div class=\"wpb_column vc_column_container vc_col-sm-2\"><div class=\"vc_column-inner\"><div class=\"wpb_wrapper\">\n\t<div class=\"wpb_single_image wpb_content_element vc_align_center\">\n\t\t<div class=\"wpb_wrapper\">\n\t\t\t\n\t\t\t<div class=\"vc_single_image-wrapper   vc_box_border_grey\"><img width=\"261\" height=\"318\" src=\"https:\/\/www.lacremedeparis.com\/wp-content\/uploads\/2018\/02\/ice-balls-citron.jpg\" class=\"vc_single_image-img attachment-full\" alt=\"\" decoding=\"async\" loading=\"lazy\" title=\"bolas de hielo-lim\u00f3n\" srcset=\"https:\/\/www.lacremedeparis.com\/wp-content\/uploads\/2018\/02\/ice-balls-citron.jpg 261w, https:\/\/www.lacremedeparis.com\/wp-content\/uploads\/2018\/02\/ice-balls-citron-246x300.jpg 246w\" sizes=\"(max-width: 261px) 100vw, 261px\" \/><\/div>\n\t\t<\/div>\n\t<\/div>\n<\/div><\/div><\/div><div class=\"wpb_column vc_column_container vc_col-sm-2\"><div class=\"vc_column-inner\"><div class=\"wpb_wrapper\">\n\t<div class=\"wpb_single_image wpb_content_element vc_align_center\">\n\t\t<div class=\"wpb_wrapper\">\n\t\t\t\n\t\t\t<div class=\"vc_single_image-wrapper   vc_box_border_grey\"><img width=\"261\" height=\"318\" src=\"https:\/\/www.lacremedeparis.com\/wp-content\/uploads\/2018\/02\/ice-balls-fraise.jpg\" class=\"vc_single_image-img attachment-full\" alt=\"\" decoding=\"async\" loading=\"lazy\" title=\"ice-balls-striker\" srcset=\"https:\/\/www.lacremedeparis.com\/wp-content\/uploads\/2018\/02\/ice-balls-fraise.jpg 261w, https:\/\/www.lacremedeparis.com\/wp-content\/uploads\/2018\/02\/ice-balls-fraise-246x300.jpg 246w\" sizes=\"(max-width: 261px) 100vw, 261px\" \/><\/div>\n\t\t<\/div>\n\t<\/div>\n<\/div><\/div><\/div><div class=\"wpb_column vc_column_container vc_col-sm-2\"><div class=\"vc_column-inner\"><div class=\"wpb_wrapper\">\n\t<div class=\"wpb_single_image wpb_content_element vc_align_center   hide-on-mobil\">\n\t\t<div class=\"wpb_wrapper\">\n\t\t\t\n\t\t\t<div class=\"vc_single_image-wrapper   vc_box_border_grey\"><img width=\"261\" height=\"318\" src=\"https:\/\/www.lacremedeparis.com\/wp-content\/uploads\/2018\/02\/ice-balls-framboise.jpg\" class=\"vc_single_image-img attachment-full\" alt=\"\" decoding=\"async\" loading=\"lazy\" title=\"bolas de hielo-frambuesa\" srcset=\"https:\/\/www.lacremedeparis.com\/wp-content\/uploads\/2018\/02\/ice-balls-framboise.jpg 261w, https:\/\/www.lacremedeparis.com\/wp-content\/uploads\/2018\/02\/ice-balls-framboise-246x300.jpg 246w\" sizes=\"(max-width: 261px) 100vw, 261px\" \/><\/div>\n\t\t<\/div>\n\t<\/div>\n<\/div><\/div><\/div><\/div><\/div>\n<\/div>","protected":false},"excerpt":{"rendered":"Todo es casero. Frutas y verduras reci\u00e9n exprimidas, sabrosos helados caseros sin colorantes ni conservantes. Recetas que combinan el buen gusto y la salud Verduras frescas preparadas in situ, nuestras verduras han sido elegidas para llenarse de vitaminas...","protected":false},"author":1,"featured_media":0,"parent":0,"menu_order":0,"comment_status":"closed","ping_status":"closed","template":"full_width.php","meta":[],"_links":{"self":[{"href":"https:\/\/www.lacremedeparis.com\/es\/wp-json\/wp\/v2\/pages\/537"}],"collection":[{"href":"https:\/\/www.lacremedeparis.com\/es\/wp-json\/wp\/v2\/pages"}],"about":[{"href":"https:\/\/www.lacremedeparis.com\/es\/wp-json\/wp\/v2\/types\/page"}],"author":[{"embeddable":true,"href":"https:\/\/www.lacremedeparis.com\/es\/wp-json\/wp\/v2\/users\/1"}],"replies":[{"embeddable":true,"href":"https:\/\/www.lacremedeparis.com\/es\/wp-json\/wp\/v2\/comments?post=537"}],"version-history":[{"count":490,"href":"https:\/\/www.lacremedeparis.com\/es\/wp-json\/wp\/v2\/pages\/537\/revisions"}],"predecessor-version":[{"id":2094,"href":"https:\/\/www.lacremedeparis.com\/es\/wp-json\/wp\/v2\/pages\/537\/revisions\/2094"}],"wp:attachment":[{"href":"https:\/\/www.lacremedeparis.com\/es\/wp-json\/wp\/v2\/media?parent=537"}],"curies":[{"name":"wp","href":"https:\/\/api.w.org\/{rel}","templated":true}]}}