{"id":537,"date":"2018-01-05T10:29:00","date_gmt":"2018-01-05T09:29:00","guid":{"rendered":"https:\/\/www.lacremedeparis.com\/?page_id=537"},"modified":"2021-10-20T17:05:09","modified_gmt":"2021-10-20T15:05:09","slug":"fait-maison","status":"publish","type":"page","link":"https:\/\/www.lacremedeparis.com\/de\/fait-maison\/","title":{"rendered":"Stil des Hauses"},"content":{"rendered":"<div class=\"wpb-content-wrapper\"><div      class=\"vc_row wpb_row section vc_row-fluid\" style=' text-align:left;'><div class=\"full_section_inner clearfix\"><div class=\"wpb_column vc_column_container vc_col-sm-12\"><div class=\"vc_column-inner\"><div class=\"wpb_wrapper\">\n\t<div class=\"wpb_single_image wpb_content_element vc_align_center   banner-top-ice\">\n\t\t<div class=\"wpb_wrapper\">\n\t\t\t\n\t\t\t<div class=\"vc_single_image-wrapper   vc_box_border_grey\"><img width=\"2000\" height=\"727\" src=\"https:\/\/www.lacremedeparis.com\/wp-content\/uploads\/2018\/04\/banniere-lacremedeparis.jpg\" class=\"vc_single_image-img attachment-full\" alt=\"\" decoding=\"async\" loading=\"lazy\" title=\"banner-lacremedeparis\" srcset=\"https:\/\/www.lacremedeparis.com\/wp-content\/uploads\/2018\/04\/banniere-lacremedeparis.jpg 2000w, https:\/\/www.lacremedeparis.com\/wp-content\/uploads\/2018\/04\/banniere-lacremedeparis-300x109.jpg 300w, https:\/\/www.lacremedeparis.com\/wp-content\/uploads\/2018\/04\/banniere-lacremedeparis-768x279.jpg 768w, https:\/\/www.lacremedeparis.com\/wp-content\/uploads\/2018\/04\/banniere-lacremedeparis-1024x372.jpg 1024w, https:\/\/www.lacremedeparis.com\/wp-content\/uploads\/2018\/04\/banniere-lacremedeparis-700x254.jpg 700w\" sizes=\"(max-width: 2000px) 100vw, 2000px\" \/><\/div>\n\t\t<\/div>\n\t<\/div>\n<\/div><\/div><\/div><\/div><\/div><div      class=\"vc_row wpb_row section vc_row-fluid  disable_negative_margin\" style=' text-align:left;'><div class=\"full_section_inner clearfix\"><div class=\"wpb_column vc_column_container vc_col-sm-12\"><div class=\"vc_column-inner\"><div class=\"wpb_wrapper\">\n\t<div class=\"wpb_text_column wpb_content_element\">\n\t\t<div class=\"wpb_wrapper\">\n\t\t\t<h3 style=\"text-align: center;\">Alles ist hausgemacht!<\/h3>\n<p style=\"text-align: center;\">Frisch gepresstes Obst und Gem\u00fcse, schmackhafte Eiscremes, die ohne Farb- und Konservierungsstoffe hergestellt werden.<\/p>\n<p style=\"text-align: center;\">Rezepte, die guten Geschmack und Gesundheit verbinden!<\/p>\n\n\t\t<\/div> \n\t<\/div> <div class=\"separator  transparent\" style=\"margin-top: 20px;\"><\/div>\n<div      class=\"vc_row wpb_row section vc_row-fluid vc_inner  vc_custom_1523703693900\" style=' text-align:left;'><div class=\"full_section_inner clearfix\"><div class=\"wpb_column vc_column_container vc_col-sm-4 vc_col-lg-offset-0 vc_col-md-offset-0 vc_col-sm-offset-0\"><div class=\"vc_column-inner\"><div class=\"wpb_wrapper\">\n\t<div class=\"wpb_single_image wpb_content_element vc_align_center\">\n\t\t<div class=\"wpb_wrapper\">\n\t\t\t\n\t\t\t<div class=\"vc_single_image-wrapper   vc_box_border_grey\"><img width=\"518\" height=\"547\" src=\"https:\/\/www.lacremedeparis.com\/wp-content\/uploads\/2018\/04\/decor-bocal-legumes-frais-o.png\" class=\"vc_single_image-img attachment-full\" alt=\"\" decoding=\"async\" loading=\"lazy\" title=\"decor-bocal-frisches-gem\u00fcse-o\" srcset=\"https:\/\/www.lacremedeparis.com\/wp-content\/uploads\/2018\/04\/decor-bocal-legumes-frais-o.png 518w, https:\/\/www.lacremedeparis.com\/wp-content\/uploads\/2018\/04\/decor-bocal-legumes-frais-o-284x300.png 284w\" sizes=\"(max-width: 518px) 100vw, 518px\" \/><\/div>\n\t\t<\/div>\n\t<\/div>\n<div class=\"separator  transparent\" style=\"margin-top: 10px;\"><\/div>\n\n\t<div class=\"wpb_text_column wpb_content_element  vc_custom_1524383943538\">\n\t\t<div class=\"wpb_wrapper\">\n\t\t\t<h5 style=\"text-align: center;\">Frisches Gem\u00fcse<\/h5>\n<p style=\"text-align: center;\">Unser vor Ort zubereitetes Gem\u00fcse wurde so ausgew\u00e4hlt, dass es viele Vitamine enth\u00e4lt und die Delikatesse ausgewogen ist. Die Lieblingsspeise von Jung und Alt, denen es schwerf\u00e4llt, auf Gr\u00fcn zu verzichten!<\/p>\n\n\t\t<\/div> \n\t<\/div> <\/div><\/div><\/div><div class=\"wpb_column vc_column_container vc_col-sm-4\"><div class=\"vc_column-inner\"><div class=\"wpb_wrapper\">\n\t<div class=\"wpb_single_image wpb_content_element vc_align_center  element_from_fade\">\n\t\t<div class=\"wpb_wrapper\">\n\t\t\t\n\t\t\t<div class=\"vc_single_image-wrapper   vc_box_border_grey\"><img width=\"259\" height=\"547\" src=\"https:\/\/www.lacremedeparis.com\/wp-content\/uploads\/2018\/02\/decor-pineapple-o.png\" class=\"vc_single_image-img attachment-full\" alt=\"\" decoding=\"async\" loading=\"lazy\" title=\"decor-pineapple-o\" srcset=\"https:\/\/www.lacremedeparis.com\/wp-content\/uploads\/2018\/02\/decor-pineapple-o.png 259w, https:\/\/www.lacremedeparis.com\/wp-content\/uploads\/2018\/02\/decor-pineapple-o-142x300.png 142w\" sizes=\"(max-width: 259px) 100vw, 259px\" \/><\/div>\n\t\t<\/div>\n\t<\/div>\n<\/div><\/div><\/div><div class=\"wpb_column vc_column_container vc_col-sm-4\"><div class=\"vc_column-inner\"><div class=\"wpb_wrapper\">\n\t<div class=\"wpb_single_image wpb_content_element vc_align_center\">\n\t\t<div class=\"wpb_wrapper\">\n\t\t\t\n\t\t\t<div class=\"vc_single_image-wrapper   vc_box_border_grey\"><img width=\"518\" height=\"547\" src=\"https:\/\/www.lacremedeparis.com\/wp-content\/uploads\/2018\/04\/decor-bocal-fruits-frais-o.png\" class=\"vc_single_image-img attachment-full\" alt=\"\" decoding=\"async\" loading=\"lazy\" title=\"decor-bocal-obst-frisch-o\" srcset=\"https:\/\/www.lacremedeparis.com\/wp-content\/uploads\/2018\/04\/decor-bocal-fruits-frais-o.png 518w, https:\/\/www.lacremedeparis.com\/wp-content\/uploads\/2018\/04\/decor-bocal-fruits-frais-o-284x300.png 284w\" sizes=\"(max-width: 518px) 100vw, 518px\" \/><\/div>\n\t\t<\/div>\n\t<\/div>\n<div class=\"separator  transparent\" style=\"margin-top: 10px;\"><\/div>\n\n\t<div class=\"wpb_text_column wpb_content_element\">\n\t\t<div class=\"wpb_wrapper\">\n\t\t\t<h5 style=\"text-align: center;\">Frisches Obst<\/h5>\n<p style=\"text-align: center;\">Saftig und schmackhaft,\u00a0<span class=\"s1\">Minute gedr\u00fcckt, <\/span>unsere S\u00e4fte und Vitaminkuren geben Ihnen einen unvergleichlichen Tonus. Um Sie in Form zu halten und Ihr gutes Aussehen zu verbessern! Unsere k\u00f6stlichen Smoothies werden aus frisch gemischtem Fruchtp\u00fcree und hausgemachtem Eis hergestellt.<\/p>\n\n\t\t<\/div> \n\t<\/div> <\/div><\/div><\/div><\/div><\/div><\/div><\/div><\/div><\/div><\/div><div      class=\"vc_row wpb_row section vc_row-fluid  vc_custom_1519410196252 disable_negative_margin\" style='background-color:#efefef; text-align:left;'><div class=\"full_section_inner clearfix\"><div class=\"wpb_column vc_column_container vc_col-sm-12\"><div class=\"vc_column-inner\"><div class=\"wpb_wrapper\"><div class=\"separator  transparent\" style=\"margin-top: 10px;\"><\/div>\n\n\t<div class=\"wpb_single_image wpb_content_element vc_align_center\">\n\t\t<div class=\"wpb_wrapper\">\n\t\t\t\n\t\t\t<div class=\"vc_single_image-wrapper   vc_box_border_grey\"><img width=\"165\" height=\"148\" src=\"https:\/\/www.lacremedeparis.com\/wp-content\/uploads\/2018\/04\/sansgluten3.jpg\" class=\"vc_single_image-img attachment-full\" alt=\"\" decoding=\"async\" loading=\"lazy\" title=\"glutenfrei3\" \/><\/div>\n\t\t<\/div>\n\t<\/div>\n<div class=\"separator  transparent\" style=\"margin-bottom: 10px;\"><\/div>\n\n\t<div class=\"wpb_text_column wpb_content_element\">\n\t\t<div class=\"wpb_wrapper\">\n\t\t\t<h3 style=\"text-align: center;\">Alle unsere Waffeln<\/h3>\n<p style=\"text-align: center;\">sind <strong>glutenfrei<\/strong>.<\/p>\n\n\t\t<\/div> \n\t<\/div> <div      class=\"vc_row wpb_row section vc_row-fluid vc_inner  vc_custom_1524386401434\" style=' text-align:left;'><div class=\"full_section_inner clearfix\"><div class=\"wpb_column vc_column_container vc_col-sm-2\"><div class=\"vc_column-inner\"><div class=\"wpb_wrapper\"><\/div><\/div><\/div><div class=\"wpb_column vc_column_container vc_col-sm-8\"><div class=\"vc_column-inner\"><div class=\"wpb_wrapper\">\t<div class=\"vc_empty_space\"  style=\"height: 30px\" ><span\n\t\t\tclass=\"vc_empty_space_inner\">\n\t\t\t<span class=\"empty_space_image\"  ><\/span>\n\t\t<\/span><\/div>\n\n\n\t<div class=\"wpb_text_column wpb_content_element\">\n\t\t<div class=\"wpb_wrapper\">\n\t\t\t<p style=\"text-align: center;\">Knusprig und weich, mit extrafeiner, halbgesalzener Butter von Isigny und guten Eiern von unseren franz\u00f6sischen Z\u00fcchtern sind unsere s\u00fc\u00dfen und herzhaften Waffeln ein Genuss, von dem man nie genug bekommen kann!<\/p>\n<p style=\"text-align: center;\">Probieren Sie unsere gepr\u00e4gten Tassen, die sowohl das Auge als auch den Gaumen erfreuen!<\/p>\n\n\t\t<\/div> \n\t<\/div> <\/div><\/div><\/div><div class=\"wpb_column vc_column_container vc_col-sm-2\"><div class=\"vc_column-inner\"><div class=\"wpb_wrapper\"><\/div><\/div><\/div><\/div><\/div><\/div><\/div><\/div><\/div><\/div><div      class=\"vc_row wpb_row section vc_row-fluid\" style=' text-align:left;'><div class=\"full_section_inner clearfix\"><div class=\"wpb_animate_when_almost_visible wpb_slideInLeft slideInLeft wpb_column vc_column_container vc_col-sm-3\"><div class=\"vc_column-inner\"><div class=\"wpb_wrapper\"><div class=\"separator  transparent\" style=\"margin-bottom: 30px;\"><\/div>\n\n\t<div class=\"wpb_single_image wpb_content_element vc_align_left  vc_custom_1518608244781\">\n\t\t<div class=\"wpb_wrapper\">\n\t\t\t\n\t\t\t<div class=\"vc_single_image-wrapper   vc_box_border_grey\"><img width=\"500\" height=\"569\" src=\"https:\/\/www.lacremedeparis.com\/wp-content\/uploads\/2018\/02\/gaufre-sucree-la-creme-de-paris-3.jpg\" class=\"vc_single_image-img attachment-full\" alt=\"\" decoding=\"async\" loading=\"lazy\" title=\"zuckerwaffel-creme-de-paris\" srcset=\"https:\/\/www.lacremedeparis.com\/wp-content\/uploads\/2018\/02\/gaufre-sucree-la-creme-de-paris-3.jpg 500w, https:\/\/www.lacremedeparis.com\/wp-content\/uploads\/2018\/02\/gaufre-sucree-la-creme-de-paris-3-264x300.jpg 264w\" sizes=\"(max-width: 500px) 100vw, 500px\" \/><\/div>\n\t\t<\/div>\n\t<\/div>\n<\/div><\/div><\/div><div class=\"wpb_column vc_column_container vc_col-sm-9\"><div class=\"vc_column-inner\"><div class=\"wpb_wrapper\"><div      class=\"vc_row wpb_row section vc_row-fluid vc_inner  vc_custom_1518607965832\" style=' text-align:left;'><div class=\"full_section_inner clearfix\"><div class=\"wpb_column vc_column_container vc_col-sm-8\"><div class=\"vc_column-inner\"><div class=\"wpb_wrapper\">\t<div class=\"vc_empty_space\"  style=\"height: 60px\" ><span\n\t\t\tclass=\"vc_empty_space_inner\">\n\t\t\t<span class=\"empty_space_image\"  ><\/span>\n\t\t<\/span><\/div>\n\n\n\t<div class=\"wpb_text_column wpb_content_element\">\n\t\t<div class=\"wpb_wrapper\">\n\t\t\t<h5 class=\" translation-block\">Hergestellt aus <strong>Reismehl<\/strong>.<\/h5>\n<p style=\"text-align: justify;\">Reis ist nach Weizen das am h\u00e4ufigsten angebaute Getreide der Welt und hat die Besonderheit, dass er von Natur aus glutenfrei und hoch verdaulich ist. Dieses Mehl, das in China seit \u00fcber 3000 Jahren bekannt ist, ist die wirksamste Alternative zu Weizenmehl.<\/p>\n\n\t\t<\/div> \n\t<\/div> \t<div class=\"vc_empty_space\"  style=\"height: 20px\" ><span\n\t\t\tclass=\"vc_empty_space_inner\">\n\t\t\t<span class=\"empty_space_image\"  ><\/span>\n\t\t<\/span><\/div>\n\n<\/div><\/div><\/div><div class=\"wpb_column vc_column_container vc_col-sm-4\"><div class=\"vc_column-inner\"><div class=\"wpb_wrapper\">\n\t<div class=\"wpb_single_image wpb_content_element vc_align_center\">\n\t\t<div class=\"wpb_wrapper\">\n\t\t\t\n\t\t\t<div class=\"vc_single_image-wrapper   vc_box_border_grey\"><img width=\"465\" height=\"383\" src=\"https:\/\/www.lacremedeparis.com\/wp-content\/uploads\/2018\/02\/farine-de-riz-la-creme-de-paris.jpg\" class=\"vc_single_image-img attachment-full\" alt=\"\" decoding=\"async\" loading=\"lazy\" title=\"mehl-aus-der-creme-von-paris\" srcset=\"https:\/\/www.lacremedeparis.com\/wp-content\/uploads\/2018\/02\/farine-de-riz-la-creme-de-paris.jpg 465w, https:\/\/www.lacremedeparis.com\/wp-content\/uploads\/2018\/02\/farine-de-riz-la-creme-de-paris-300x247.jpg 300w\" sizes=\"(max-width: 465px) 100vw, 465px\" \/><\/div>\n\t\t<\/div>\n\t<\/div>\n<\/div><\/div><\/div><\/div><\/div><div      class=\"vc_row wpb_row section vc_row-fluid vc_inner  vc_custom_1518608065554\" style=' text-align:left;'><div class=\"full_section_inner clearfix\"><div class=\"wpb_column vc_column_container vc_col-sm-8\"><div class=\"vc_column-inner\"><div class=\"wpb_wrapper\">\t<div class=\"vc_empty_space\"  style=\"height: 40px\" ><span\n\t\t\tclass=\"vc_empty_space_inner\">\n\t\t\t<span class=\"empty_space_image\"  ><\/span>\n\t\t<\/span><\/div>\n\n\n\t<div class=\"wpb_text_column wpb_content_element\">\n\t\t<div class=\"wpb_wrapper\">\n\t\t\t<h5>und <strong>Maismehl<\/strong>.<\/h5>\n<p style=\"text-align: justify;\">Das erste Nahrungsmittelgetreide der Welt, das aus Mexiko und Guatemala stammt und in der lateinamerikanischen K\u00fcche als Mehl f\u00fcr Tacos, Brot, Grie\u00df, Malz... verwendet wird. Ein reines, glutenfreies und GVO-freies Mehl, das f\u00fcr Knusprigkeit sorgt.<\/p>\n\n\t\t<\/div> \n\t<\/div> <\/div><\/div><\/div><div class=\"wpb_column vc_column_container vc_col-sm-4\"><div class=\"vc_column-inner\"><div class=\"wpb_wrapper\">\n\t<div class=\"wpb_single_image wpb_content_element vc_align_center\">\n\t\t<div class=\"wpb_wrapper\">\n\t\t\t\n\t\t\t<div class=\"vc_single_image-wrapper   vc_box_border_grey\"><img width=\"465\" height=\"383\" src=\"https:\/\/www.lacremedeparis.com\/wp-content\/uploads\/2018\/02\/farine-de-mais-la-creme-de-paris.jpg\" class=\"vc_single_image-img attachment-full\" alt=\"\" decoding=\"async\" loading=\"lazy\" title=\"mehl-de-mais-la-creme-de-paris\" srcset=\"https:\/\/www.lacremedeparis.com\/wp-content\/uploads\/2018\/02\/farine-de-mais-la-creme-de-paris.jpg 465w, https:\/\/www.lacremedeparis.com\/wp-content\/uploads\/2018\/02\/farine-de-mais-la-creme-de-paris-300x247.jpg 300w\" sizes=\"(max-width: 465px) 100vw, 465px\" \/><\/div>\n\t\t<\/div>\n\t<\/div>\n<\/div><\/div><\/div><\/div><\/div><div class=\"separator  transparent\" style=\"margin-bottom: 10px;\"><\/div>\n<\/div><\/div><\/div><\/div><\/div><div      class=\"vc_row wpb_row section vc_row-fluid\" style=' text-align:left;'><div class=\"full_section_inner clearfix\"><div class=\"wpb_column vc_column_container vc_col-sm-12\"><div class=\"vc_column-inner\"><div class=\"wpb_wrapper\"><div      class=\"vc_row wpb_row section vc_row-fluid vc_inner\" style=' text-align:left;'><div class=\"full_section_inner clearfix\"><div class=\"wpb_column vc_column_container vc_col-sm-2\"><div class=\"vc_column-inner\"><div class=\"wpb_wrapper\"><\/div><\/div><\/div><div class=\"wpb_column vc_column_container vc_col-sm-8\"><div class=\"vc_column-inner\"><div class=\"wpb_wrapper\"><div class=\"separator  transparent\" style=\"margin-bottom: 60px;\"><\/div>\n\n\t<div class=\"wpb_single_image wpb_content_element vc_align_center\">\n\t\t<div class=\"wpb_wrapper\">\n\t\t\t\n\t\t\t<div class=\"vc_single_image-wrapper   vc_box_border_grey\"><img width=\"455\" height=\"186\" src=\"https:\/\/www.lacremedeparis.com\/wp-content\/uploads\/2018\/04\/sanslait-sansoeufs-sansgluten2.jpg\" class=\"vc_single_image-img attachment-full\" alt=\"\" decoding=\"async\" loading=\"lazy\" title=\"ohne Milch-ohne-Eier-ohne-Gluten2\" srcset=\"https:\/\/www.lacremedeparis.com\/wp-content\/uploads\/2018\/04\/sanslait-sansoeufs-sansgluten2.jpg 455w, https:\/\/www.lacremedeparis.com\/wp-content\/uploads\/2018\/04\/sanslait-sansoeufs-sansgluten2-300x123.jpg 300w\" sizes=\"(max-width: 455px) 100vw, 455px\" \/><\/div>\n\t\t<\/div>\n\t<\/div>\n<\/div><\/div><\/div><div class=\"wpb_column vc_column_container vc_col-sm-2\"><div class=\"vc_column-inner\"><div class=\"wpb_wrapper\"><\/div><\/div><\/div><\/div><\/div><div class=\"separator  transparent\" style=\"margin-bottom: 20px;\"><\/div>\n\n\t<div class=\"wpb_text_column wpb_content_element\">\n\t\t<div class=\"wpb_wrapper\">\n\t\t\t<h3 style=\"text-align: center;\">Unsere Buchweizenpfannkuchen<\/h3>\n<p style=\"text-align: center;\">sind zertifiziert <strong>glutenfrei<\/strong><\/p>\n<p style=\"text-align: center;\"><strong>ei- und laktosefrei<\/strong>.<\/p>\n\n\t\t<\/div> \n\t<\/div> <div class=\"separator  transparent\" style=\"margin-bottom: 10px;\"><\/div>\n<\/div><\/div><\/div><\/div><\/div><div      class=\"vc_row wpb_row section vc_row-fluid\" style=' text-align:left;'><div class=\"full_section_inner clearfix\"><div class=\"wpb_column vc_column_container vc_col-sm-6\"><div class=\"vc_column-inner\"><div class=\"wpb_wrapper\">\t<div class=\"vc_empty_space\"  style=\"height: 20px\" ><span\n\t\t\tclass=\"vc_empty_space_inner\">\n\t\t\t<span class=\"empty_space_image\"  ><\/span>\n\t\t<\/span><\/div>\n\n<div      class=\"vc_row wpb_row section vc_row-fluid vc_inner\" style=' text-align:left;'><div class=\"full_section_inner clearfix\"><div class=\"wpb_column vc_column_container vc_col-sm-2\"><div class=\"vc_column-inner\"><div class=\"wpb_wrapper\"><\/div><\/div><\/div><div class=\"mobil-space wpb_column vc_column_container vc_col-sm-10\"><div class=\"vc_column-inner\"><div class=\"wpb_wrapper\">\n\t<div class=\"wpb_text_column wpb_content_element  vc_custom_1524729961286\">\n\t\t<div class=\"wpb_wrapper\">\n\t\t\t<h5>Hergestellt aus <strong>Bio-Buchweizenmehl<br \/>\n<\/strong><\/h5>\n<p style=\"text-align: justify;\">Unser Bio-Buchweizenmehl ist franz\u00f6sisch, hergestellt von der <span class=\"st\">handwerkliche M\u00fcller aus Rennes<\/span>. Der traditionell in Nepal, China und Sibirien angebaute Buchweizen, der aufgrund seines Aussehens \"schwarzer Weizen\" genannt wird, kam im 12. Buchweizen ist kein Getreide, sondern ein Samen. Sein Mehl ist reich an Ballaststoffen, Eiwei\u00df, Antioxidantien und glutenfrei.<\/p>\n\n\t\t<\/div> \n\t<\/div> <div class=\"separator  transparent\" style=\"margin-bottom: 10px;\"><\/div>\n\n\t<div class=\"wpb_text_column wpb_content_element  vc_custom_1524729936768\">\n\t\t<div class=\"wpb_wrapper\">\n\t\t\t<p>Sein rustikaler und leicht nussiger Geschmack, seine schmelzende und knusprige Textur passen wunderbar zu unseren herzhaften Kompositionen, begleitet von einem gr\u00fcnen Salat mit K\u00fcrbiskernen und Pinienkernen.<\/p>\n\n\t\t<\/div> \n\t<\/div> <\/div><\/div><\/div><\/div><\/div><div class=\"separator  transparent\" style=\"margin-bottom: 10px;\"><\/div>\n<div      class=\"vc_row wpb_row section vc_row-fluid vc_inner  vc_custom_1518621931351\" style=' text-align:left;'><div class=\"full_section_inner clearfix\"><div class=\"wpb_column vc_column_container vc_col-sm-3\"><div class=\"vc_column-inner\"><div class=\"wpb_wrapper\"><\/div><\/div><\/div><div class=\"wpb_column vc_column_container vc_col-sm-3\"><div class=\"vc_column-inner\"><div class=\"wpb_wrapper\"><\/div><\/div><\/div><div class=\"wpb_column vc_column_container vc_col-sm-6\"><div class=\"vc_column-inner\"><div class=\"wpb_wrapper\"><div class=\"separator  transparent\" style=\"margin-bottom: 30px;\"><\/div>\n\n\t<div class=\"wpb_single_image wpb_content_element vc_align_center\">\n\t\t<div class=\"wpb_wrapper\">\n\t\t\t\n\t\t\t<div class=\"vc_single_image-wrapper   vc_box_border_grey\"><img width=\"465\" height=\"383\" src=\"https:\/\/www.lacremedeparis.com\/wp-content\/uploads\/2018\/02\/farine-de-sarazin-la-creme-de-paris.jpg\" class=\"vc_single_image-img attachment-full\" alt=\"\" decoding=\"async\" loading=\"lazy\" title=\"mehl-von-sarazin-la-creme-de-paris\" srcset=\"https:\/\/www.lacremedeparis.com\/wp-content\/uploads\/2018\/02\/farine-de-sarazin-la-creme-de-paris.jpg 465w, https:\/\/www.lacremedeparis.com\/wp-content\/uploads\/2018\/02\/farine-de-sarazin-la-creme-de-paris-300x247.jpg 300w\" sizes=\"(max-width: 465px) 100vw, 465px\" \/><\/div>\n\t\t<\/div>\n\t<\/div>\n<\/div><\/div><\/div><\/div><\/div><\/div><\/div><\/div><div class=\"wpb_animate_when_almost_visible wpb_slideInRight slideInRight wpb_column vc_column_container vc_col-sm-6\"><div class=\"vc_column-inner\"><div class=\"wpb_wrapper\">\n\t<div class=\"wpb_single_image wpb_content_element vc_align_right\">\n\t\t<div class=\"wpb_wrapper\">\n\t\t\t\n\t\t\t<div class=\"vc_single_image-wrapper   vc_box_border_grey\"><img width=\"700\" height=\"486\" src=\"https:\/\/www.lacremedeparis.com\/wp-content\/uploads\/2018\/02\/crepe-sarrasin-cutrightS.jpg\" class=\"vc_single_image-img attachment-full\" alt=\"\" decoding=\"async\" loading=\"lazy\" title=\"crepe-saracin-cutrightS\" srcset=\"https:\/\/www.lacremedeparis.com\/wp-content\/uploads\/2018\/02\/crepe-sarrasin-cutrightS.jpg 700w, https:\/\/www.lacremedeparis.com\/wp-content\/uploads\/2018\/02\/crepe-sarrasin-cutrightS-300x208.jpg 300w\" sizes=\"(max-width: 700px) 100vw, 700px\" \/><\/div>\n\t\t<\/div>\n\t<\/div>\n<\/div><\/div><\/div><\/div><\/div><div      class=\"vc_row wpb_row section vc_row-fluid\" style=' text-align:left;'><div class=\"full_section_inner clearfix\"><div class=\"wpb_column vc_column_container vc_col-sm-12\"><div class=\"vc_column-inner\"><div class=\"wpb_wrapper\"><div class=\"separator  transparent\" style=\"margin-bottom: 40px;\"><\/div>\n<\/div><\/div><\/div><\/div><\/div><div      class=\"vc_row wpb_row section vc_row-fluid\" style=' text-align:left;'><div class=\"full_section_inner clearfix\"><div class=\"wpb_animate_when_almost_visible wpb_slideInLeft slideInLeft wpb_column vc_column_container vc_col-sm-4\"><div class=\"vc_column-inner\"><div class=\"wpb_wrapper\">\n\t<div class=\"wpb_single_image wpb_content_element vc_align_left\">\n\t\t<div class=\"wpb_wrapper\">\n\t\t\t\n\t\t\t<div class=\"vc_single_image-wrapper   vc_box_border_grey\"><img width=\"543\" height=\"538\" src=\"https:\/\/www.lacremedeparis.com\/wp-content\/uploads\/2018\/02\/crepe-la-creme-de-paris-left.jpg\" class=\"vc_single_image-img attachment-full\" alt=\"\" decoding=\"async\" loading=\"lazy\" title=\"crepe-la-creme-de-paris-left\" srcset=\"https:\/\/www.lacremedeparis.com\/wp-content\/uploads\/2018\/02\/crepe-la-creme-de-paris-left.jpg 543w, https:\/\/www.lacremedeparis.com\/wp-content\/uploads\/2018\/02\/crepe-la-creme-de-paris-left-150x150.jpg 150w, https:\/\/www.lacremedeparis.com\/wp-content\/uploads\/2018\/02\/crepe-la-creme-de-paris-left-300x297.jpg 300w\" sizes=\"(max-width: 543px) 100vw, 543px\" \/><\/div>\n\t\t<\/div>\n\t<\/div>\n<\/div><\/div><\/div><div class=\"mobil-space wpb_column vc_column_container vc_col-sm-4\"><div class=\"vc_column-inner vc_custom_1524505307296\"><div class=\"wpb_wrapper\"><div class=\"separator  transparent\" style=\"margin-bottom: 40px;\"><\/div>\n\n\t<div class=\"wpb_text_column wpb_content_element\">\n\t\t<div class=\"wpb_wrapper\">\n\t\t\t<h3 style=\"text-align: center;\">Unsere traditionellen Pfannkuchen<\/h3>\n<p style=\"text-align: center;\">sind <strong>extrem gro\u00dfz\u00fcgig und altmodisch<\/strong>.<\/p>\n\n\t\t<\/div> \n\t<\/div> \t<div class=\"vc_empty_space\"  style=\"height: 30px\" ><span\n\t\t\tclass=\"vc_empty_space_inner\">\n\t\t\t<span class=\"empty_space_image\"  ><\/span>\n\t\t<\/span><\/div>\n\n\n\t<div class=\"wpb_text_column wpb_content_element\">\n\t\t<div class=\"wpb_wrapper\">\n\t\t\t<h5>Hergestellt aus <strong>Weizenmehl<br \/>\n<\/strong><\/h5>\n<p>Hier ist der Pfannkuchen dick und gro\u00dfz\u00fcgig auf die altmodische Art!<\/p>\n<p style=\"text-align: justify;\">Sehr schmackhaft, s\u00fc\u00df oder herzhaft, zum Mitnehmen oder an Ort und Stelle, sie erfreuen unseren Appetit, von der einfachsten F\u00fcllung f\u00fcr Puristen bis hin zu den reichhaltigsten f\u00fcr diejenigen mit gro\u00dfem Appetit!<\/p>\n\n\t\t<\/div> \n\t<\/div> <\/div><\/div><\/div><div class=\"wpb_animate_when_almost_visible wpb_slideInRight slideInRight wpb_column vc_column_container vc_col-sm-4\"><div class=\"vc_column-inner\"><div class=\"wpb_wrapper\"><div class=\"separator  transparent\" style=\"margin-bottom: 10px;\"><\/div>\n\n\t<div class=\"wpb_single_image wpb_content_element vc_align_right\">\n\t\t<div class=\"wpb_wrapper\">\n\t\t\t\n\t\t\t<div class=\"vc_single_image-wrapper   vc_box_border_grey\"><img width=\"600\" height=\"471\" src=\"https:\/\/www.lacremedeparis.com\/wp-content\/uploads\/2018\/02\/crepes-closeup-la-creme-de-paris.jpg\" class=\"vc_single_image-img attachment-full\" alt=\"\" decoding=\"async\" loading=\"lazy\" title=\"crepes-closeup-la-creme-de-paris\" srcset=\"https:\/\/www.lacremedeparis.com\/wp-content\/uploads\/2018\/02\/crepes-closeup-la-creme-de-paris.jpg 600w, https:\/\/www.lacremedeparis.com\/wp-content\/uploads\/2018\/02\/crepes-closeup-la-creme-de-paris-300x236.jpg 300w\" sizes=\"(max-width: 600px) 100vw, 600px\" \/><\/div>\n\t\t<\/div>\n\t<\/div>\n<\/div><\/div><\/div><\/div><\/div><div      class=\"vc_row wpb_row section vc_row-fluid\" style=' text-align:center;'><div class=\"full_section_inner clearfix\"><div class=\"icecream-resp wpb_column vc_column_container vc_col-sm-12\"><div class=\"vc_column-inner vc_custom_1520587007170\"><div class=\"wpb_wrapper\">\n\t<div class=\"wpb_single_image wpb_content_element vc_align_center   ice-hide\">\n\t\t<div class=\"wpb_wrapper\">\n\t\t\t\n\t\t\t<div class=\"vc_single_image-wrapper   vc_box_border_grey\"><img width=\"1200\" height=\"759\" src=\"https:\/\/www.lacremedeparis.com\/wp-content\/uploads\/2018\/03\/IceCreamCremedeparis-cup-cone.jpg\" class=\"vc_single_image-img attachment-full\" alt=\"\" decoding=\"async\" loading=\"lazy\" title=\"IceCreamCremedeparis-cup-cone\" srcset=\"https:\/\/www.lacremedeparis.com\/wp-content\/uploads\/2018\/03\/IceCreamCremedeparis-cup-cone.jpg 1200w, https:\/\/www.lacremedeparis.com\/wp-content\/uploads\/2018\/03\/IceCreamCremedeparis-cup-cone-300x190.jpg 300w, https:\/\/www.lacremedeparis.com\/wp-content\/uploads\/2018\/03\/IceCreamCremedeparis-cup-cone-768x486.jpg 768w, https:\/\/www.lacremedeparis.com\/wp-content\/uploads\/2018\/03\/IceCreamCremedeparis-cup-cone-1024x648.jpg 1024w, https:\/\/www.lacremedeparis.com\/wp-content\/uploads\/2018\/03\/IceCreamCremedeparis-cup-cone-700x443.jpg 700w\" sizes=\"(max-width: 1200px) 100vw, 1200px\" \/><\/div>\n\t\t<\/div>\n\t<\/div>\n\n\t<div class=\"wpb_single_image wpb_content_element vc_align_center   ice-show\">\n\t\t<div class=\"wpb_wrapper\">\n\t\t\t\n\t\t\t<div class=\"vc_single_image-wrapper   vc_box_border_grey\"><img width=\"800\" height=\"939\" src=\"https:\/\/www.lacremedeparis.com\/wp-content\/uploads\/2018\/04\/IceCreamCup-mobiles.jpg\" class=\"vc_single_image-img attachment-full\" alt=\"\" decoding=\"async\" loading=\"lazy\" title=\"IceCreamCup-Handys\" srcset=\"https:\/\/www.lacremedeparis.com\/wp-content\/uploads\/2018\/04\/IceCreamCup-mobiles.jpg 800w, https:\/\/www.lacremedeparis.com\/wp-content\/uploads\/2018\/04\/IceCreamCup-mobiles-256x300.jpg 256w, https:\/\/www.lacremedeparis.com\/wp-content\/uploads\/2018\/04\/IceCreamCup-mobiles-768x901.jpg 768w, https:\/\/www.lacremedeparis.com\/wp-content\/uploads\/2018\/04\/IceCreamCup-mobiles-700x822.jpg 700w\" sizes=\"(max-width: 800px) 100vw, 800px\" \/><\/div>\n\t\t<\/div>\n\t<\/div>\n<div class=\"separator  transparent\" style=\"margin-bottom: 20px;\"><\/div>\n<\/div><\/div><\/div><\/div><\/div><div      class=\"vc_row wpb_row section vc_row-fluid  vc_custom_1524343366664\" style=' text-align:left;'><div class=\"full_section_inner clearfix\"><div class=\"wpb_column vc_column_container vc_col-sm-12\"><div class=\"vc_column-inner\"><div class=\"wpb_wrapper\">\n\t<div class=\"wpb_text_column wpb_content_element\">\n\t\t<div class=\"wpb_wrapper\">\n\t\t\t<h3 style=\"text-align: center;\">Unser Eiscreme-Labor<\/h3>\n<p style=\"text-align: center;\">erfunden <strong>vor Ort ohne Farb- und Konservierungsstoffe<\/strong>.<\/p>\n\n\t\t<\/div> \n\t<\/div> <div class=\"separator  transparent\" style=\"margin-bottom: 40px;\"><\/div>\n<div      class=\"vc_row wpb_row section vc_row-fluid vc_inner\" style=' text-align:left;'><div class=\"full_section_inner clearfix\"><div class=\"wpb_column vc_column_container vc_col-sm-3\"><div class=\"vc_column-inner\"><div class=\"wpb_wrapper\"><\/div><\/div><\/div><div class=\"wpb_column vc_column_container vc_col-sm-6\"><div class=\"vc_column-inner\"><div class=\"wpb_wrapper\">\n\t<div class=\"wpb_text_column wpb_content_element\">\n\t\t<div class=\"wpb_wrapper\">\n\t\t\t<h5 style=\"text-align: justify;\"><strong>Hausgemachtes Speiseeis und Sorbets<br \/>\n<\/strong><\/h5>\n<p style=\"text-align: ljustify;\">Ob in knusprigen Waffeln oder in Kugeln, auf Pfannkuchen und Waffeln - unser Eis mit seinen nat\u00fcrlichen Aromen kann zu jeder Jahreszeit genossen werden.<\/p>\n<div class=\"separator  transparent center\" style=\"margin-top: 10pxpx;\"><\/div>\n\n<p style=\"text-align: justify;\">Unsere hausgemachten Eissorten werden aus hochwertigen Zutaten mit reichem Geschmack hergestellt: 100% sizilianische Pistazien, piemontesische Haseln\u00fcsse, Valrhola-Schokolade, reine Vanilleschoten...<\/p>\n<div class=\"separator  transparent center\" style=\"margin-top: 10pxpx;\"><\/div>\n\n<p style=\"text-align: justify;\">In unserem Eislabor werden die besten Zutaten mit Leidenschaft ausgew\u00e4hlt, um den Geschmack zu verbessern. Unsere Schlagsahne und Pralinen sind ebenfalls 100% hausgemacht!<\/p>\n\n\t\t<\/div> \n\t<\/div> <div class=\"separator  transparent\" style=\"margin-bottom: 40px;\"><\/div>\n\n\t<div class=\"wpb_text_column wpb_content_element\">\n\t\t<div class=\"wpb_wrapper\">\n\t\t\t<h5 style=\"text-align: left;\"><strong>Hausgemachte Milchshakes<br \/>\n<\/strong><\/h5>\n<p style=\"text-align: left;\">Unsere Milchshakes werden mit guter franz\u00f6sischer Vollmilch und hausgemachtem Eis hergestellt, ohne Zusatz von Eis oder Wasser. Gro\u00dfartiger Geschmack auf dem ganzen Weg zu Ihren Geschmacksknospen!<\/p>\n\n\t\t<\/div> \n\t<\/div> <\/div><\/div><\/div><div class=\"wpb_column vc_column_container vc_col-sm-3\"><div class=\"vc_column-inner\"><div class=\"wpb_wrapper\"><\/div><\/div><\/div><\/div><\/div><div class=\"separator  transparent\" style=\"margin-bottom: 40px;\"><\/div>\n<\/div><\/div><\/div><\/div><\/div><div      class=\"vc_row wpb_row section vc_row-fluid\" style=' text-align:left;'><div class=\"full_section_inner clearfix\"><div class=\"wpb_column vc_column_container vc_col-sm-2\"><div class=\"vc_column-inner\"><div class=\"wpb_wrapper\">\n\t<div class=\"wpb_single_image wpb_content_element vc_align_center   hide-on-mobil\">\n\t\t<div class=\"wpb_wrapper\">\n\t\t\t\n\t\t\t<div class=\"vc_single_image-wrapper   vc_box_border_grey\"><img width=\"261\" height=\"318\" src=\"https:\/\/www.lacremedeparis.com\/wp-content\/uploads\/2018\/02\/ice-balls-vanilla.jpg\" class=\"vc_single_image-img attachment-full\" alt=\"\" decoding=\"async\" loading=\"lazy\" title=\"ice-balls-vanilla\" srcset=\"https:\/\/www.lacremedeparis.com\/wp-content\/uploads\/2018\/02\/ice-balls-vanilla.jpg 261w, https:\/\/www.lacremedeparis.com\/wp-content\/uploads\/2018\/02\/ice-balls-vanilla-246x300.jpg 246w\" sizes=\"(max-width: 261px) 100vw, 261px\" \/><\/div>\n\t\t<\/div>\n\t<\/div>\n<\/div><\/div><\/div><div class=\"wpb_column vc_column_container vc_col-sm-2\"><div class=\"vc_column-inner\"><div class=\"wpb_wrapper\">\n\t<div class=\"wpb_single_image wpb_content_element vc_align_center   hide-on-mobil\">\n\t\t<div class=\"wpb_wrapper\">\n\t\t\t\n\t\t\t<div class=\"vc_single_image-wrapper   vc_box_border_grey\"><img width=\"261\" height=\"318\" src=\"https:\/\/www.lacremedeparis.com\/wp-content\/uploads\/2018\/02\/ice-balls-cafe.jpg\" class=\"vc_single_image-img attachment-full\" alt=\"\" decoding=\"async\" loading=\"lazy\" title=\"ice-balls-cafe\" srcset=\"https:\/\/www.lacremedeparis.com\/wp-content\/uploads\/2018\/02\/ice-balls-cafe.jpg 261w, https:\/\/www.lacremedeparis.com\/wp-content\/uploads\/2018\/02\/ice-balls-cafe-246x300.jpg 246w\" sizes=\"(max-width: 261px) 100vw, 261px\" \/><\/div>\n\t\t<\/div>\n\t<\/div>\n<\/div><\/div><\/div><div class=\"wpb_column vc_column_container vc_col-sm-2\"><div class=\"vc_column-inner\"><div class=\"wpb_wrapper\">\n\t<div class=\"wpb_single_image wpb_content_element vc_align_center\">\n\t\t<div class=\"wpb_wrapper\">\n\t\t\t\n\t\t\t<div class=\"vc_single_image-wrapper   vc_box_border_grey\"><img width=\"261\" height=\"318\" src=\"https:\/\/www.lacremedeparis.com\/wp-content\/uploads\/2018\/02\/ice-balls-chocolat.jpg\" class=\"vc_single_image-img attachment-full\" alt=\"\" decoding=\"async\" loading=\"lazy\" title=\"ice-balls-schokolade\" srcset=\"https:\/\/www.lacremedeparis.com\/wp-content\/uploads\/2018\/02\/ice-balls-chocolat.jpg 261w, https:\/\/www.lacremedeparis.com\/wp-content\/uploads\/2018\/02\/ice-balls-chocolat-246x300.jpg 246w\" sizes=\"(max-width: 261px) 100vw, 261px\" \/><\/div>\n\t\t<\/div>\n\t<\/div>\n<\/div><\/div><\/div><div class=\"wpb_column vc_column_container vc_col-sm-2\"><div class=\"vc_column-inner\"><div class=\"wpb_wrapper\">\n\t<div class=\"wpb_single_image wpb_content_element vc_align_center\">\n\t\t<div class=\"wpb_wrapper\">\n\t\t\t\n\t\t\t<div class=\"vc_single_image-wrapper   vc_box_border_grey\"><img width=\"261\" height=\"318\" src=\"https:\/\/www.lacremedeparis.com\/wp-content\/uploads\/2018\/02\/ice-balls-citron.jpg\" class=\"vc_single_image-img attachment-full\" alt=\"\" decoding=\"async\" loading=\"lazy\" title=\"ice-balls-Zitrone\" srcset=\"https:\/\/www.lacremedeparis.com\/wp-content\/uploads\/2018\/02\/ice-balls-citron.jpg 261w, https:\/\/www.lacremedeparis.com\/wp-content\/uploads\/2018\/02\/ice-balls-citron-246x300.jpg 246w\" sizes=\"(max-width: 261px) 100vw, 261px\" \/><\/div>\n\t\t<\/div>\n\t<\/div>\n<\/div><\/div><\/div><div class=\"wpb_column vc_column_container vc_col-sm-2\"><div class=\"vc_column-inner\"><div class=\"wpb_wrapper\">\n\t<div class=\"wpb_single_image wpb_content_element vc_align_center\">\n\t\t<div class=\"wpb_wrapper\">\n\t\t\t\n\t\t\t<div class=\"vc_single_image-wrapper   vc_box_border_grey\"><img width=\"261\" height=\"318\" src=\"https:\/\/www.lacremedeparis.com\/wp-content\/uploads\/2018\/02\/ice-balls-fraise.jpg\" class=\"vc_single_image-img attachment-full\" alt=\"\" decoding=\"async\" loading=\"lazy\" title=\"ice-balls-fraise\" srcset=\"https:\/\/www.lacremedeparis.com\/wp-content\/uploads\/2018\/02\/ice-balls-fraise.jpg 261w, https:\/\/www.lacremedeparis.com\/wp-content\/uploads\/2018\/02\/ice-balls-fraise-246x300.jpg 246w\" sizes=\"(max-width: 261px) 100vw, 261px\" \/><\/div>\n\t\t<\/div>\n\t<\/div>\n<\/div><\/div><\/div><div class=\"wpb_column vc_column_container vc_col-sm-2\"><div class=\"vc_column-inner\"><div class=\"wpb_wrapper\">\n\t<div class=\"wpb_single_image wpb_content_element vc_align_center   hide-on-mobil\">\n\t\t<div class=\"wpb_wrapper\">\n\t\t\t\n\t\t\t<div class=\"vc_single_image-wrapper   vc_box_border_grey\"><img width=\"261\" height=\"318\" src=\"https:\/\/www.lacremedeparis.com\/wp-content\/uploads\/2018\/02\/ice-balls-framboise.jpg\" class=\"vc_single_image-img attachment-full\" alt=\"\" decoding=\"async\" loading=\"lazy\" title=\"ice-balls-Himbeere\" srcset=\"https:\/\/www.lacremedeparis.com\/wp-content\/uploads\/2018\/02\/ice-balls-framboise.jpg 261w, https:\/\/www.lacremedeparis.com\/wp-content\/uploads\/2018\/02\/ice-balls-framboise-246x300.jpg 246w\" sizes=\"(max-width: 261px) 100vw, 261px\" \/><\/div>\n\t\t<\/div>\n\t<\/div>\n<\/div><\/div><\/div><\/div><\/div>\n<\/div>","protected":false},"excerpt":{"rendered":"Alles ist hausgemacht! Frisch gepresstes Obst &amp; Gem\u00fcse, schmackhafte Eiskreationen des Hauses ohne Farb- und Konservierungsstoffe. Rezepte, die Genuss und Gesundheit vereinen! Frisches Gem\u00fcse Vor Ort zubereitet, wurde unser Gem\u00fcse so ausgew\u00e4hlt, dass es den K\u00f6rper mit Vitaminen versorgt...","protected":false},"author":1,"featured_media":0,"parent":0,"menu_order":0,"comment_status":"closed","ping_status":"closed","template":"full_width.php","meta":[],"_links":{"self":[{"href":"https:\/\/www.lacremedeparis.com\/de\/wp-json\/wp\/v2\/pages\/537"}],"collection":[{"href":"https:\/\/www.lacremedeparis.com\/de\/wp-json\/wp\/v2\/pages"}],"about":[{"href":"https:\/\/www.lacremedeparis.com\/de\/wp-json\/wp\/v2\/types\/page"}],"author":[{"embeddable":true,"href":"https:\/\/www.lacremedeparis.com\/de\/wp-json\/wp\/v2\/users\/1"}],"replies":[{"embeddable":true,"href":"https:\/\/www.lacremedeparis.com\/de\/wp-json\/wp\/v2\/comments?post=537"}],"version-history":[{"count":490,"href":"https:\/\/www.lacremedeparis.com\/de\/wp-json\/wp\/v2\/pages\/537\/revisions"}],"predecessor-version":[{"id":2094,"href":"https:\/\/www.lacremedeparis.com\/de\/wp-json\/wp\/v2\/pages\/537\/revisions\/2094"}],"wp:attachment":[{"href":"https:\/\/www.lacremedeparis.com\/de\/wp-json\/wp\/v2\/media?parent=537"}],"curies":[{"name":"wp","href":"https:\/\/api.w.org\/{rel}","templated":true}]}}